{"id":1470,"date":"2022-03-14T20:41:26","date_gmt":"2022-03-14T20:41:26","guid":{"rendered":"https:\/\/aprueva.com\/?page_id=1470"},"modified":"2024-08-12T16:10:38","modified_gmt":"2024-08-12T16:10:38","slug":"terminos-y-condiciones","status":"publish","type":"page","link":"https:\/\/aprueva.com\/en\/terminos-y-condiciones\/","title":{"rendered":"Terms and conditions"},"content":{"rendered":"<div data-elementor-type=\"wp-page\" data-elementor-id=\"1470\" class=\"elementor elementor-1470\">\n\t\t\t\t\t\t<section class=\"ob-is-breaking-bad elementor-section elementor-top-section elementor-element elementor-element-220bfba elementor-section-boxed elementor-section-height-default elementor-section-height-default\" data-id=\"220bfba\" data-element_type=\"section\" data-settings=\"{&quot;background_background&quot;:&quot;classic&quot;,&quot;shape_divider_bottom&quot;:&quot;curve&quot;,&quot;_ob_bbad_use_it&quot;:&quot;yes&quot;,&quot;_ob_bbad_sssic_use&quot;:&quot;no&quot;}\">\n\t\t\t\t\t<div class=\"elementor-shape elementor-shape-bottom\" data-negative=\"false\">\n\t\t\t<svg xmlns=\"http:\/\/www.w3.org\/2000\/svg\" viewbox=\"0 0 1000 100\" preserveaspectratio=\"none\">\n    <path class=\"elementor-shape-fill\" d=\"M1000,4.3V0H0v4.3C0.9,23.1,126.7,99.2,500,100S1000,22.7,1000,4.3z\"\/>\n<\/svg>\t\t<\/div>\n\t\t\t\t\t<div class=\"elementor-container elementor-column-gap-no\">\n\t\t\t\t\t<div class=\"elementor-column elementor-col-100 elementor-top-column elementor-element elementor-element-ce90365\" data-id=\"ce90365\" data-element_type=\"column\" data-settings=\"{&quot;_ob_bbad_is_stalker&quot;:&quot;no&quot;}\">\n\t\t\t<div class=\"elementor-widget-wrap elementor-element-populated\">\n\t\t\t\t\t\t<div class=\"elementor-element elementor-element-1fde23e elementor-widget elementor-widget-heading\" data-id=\"1fde23e\" data-element_type=\"widget\" data-settings=\"{&quot;_ob_widget_stalker_use&quot;:&quot;no&quot;}\" data-widget_type=\"heading.default\">\n\t\t\t\t<div class=\"elementor-widget-container\">\n\t\t\t<style>\/*! elementor - v3.23.0 - 15-07-2024 *\/\n.elementor-heading-title{padding:0;margin:0;line-height:1}.elementor-widget-heading .elementor-heading-title[class*=elementor-size-]>a{color:inherit;font-size:inherit;line-height:inherit}.elementor-widget-heading .elementor-heading-title.elementor-size-small{font-size:15px}.elementor-widget-heading .elementor-heading-title.elementor-size-medium{font-size:19px}.elementor-widget-heading .elementor-heading-title.elementor-size-large{font-size:29px}.elementor-widget-heading .elementor-heading-title.elementor-size-xl{font-size:39px}.elementor-widget-heading .elementor-heading-title.elementor-size-xxl{font-size:59px}<\/style><h1 class=\"elementor-heading-title elementor-size-default\">Pol\u00edtica de Protecci\u00f3n y Tratamiento de Datos Personales<\/h1>\t\t<\/div>\n\t\t\t\t<\/div>\n\t\t\t\t<div class=\"elementor-element elementor-element-2370fd4 mouse elementor-view-default elementor-widget elementor-widget-icon\" data-id=\"2370fd4\" data-element_type=\"widget\" data-settings=\"{&quot;_ob_widget_stalker_use&quot;:&quot;no&quot;}\" data-widget_type=\"icon.default\">\n\t\t\t\t<div class=\"elementor-widget-container\">\n\t\t\t\t\t<div class=\"elementor-icon-wrapper\">\n\t\t\t<a class=\"elementor-icon\" href=\"#terminos-condiciones\">\n\t\t\t<svg xmlns=\"http:\/\/www.w3.org\/2000\/svg\" width=\"24\" height=\"36\" viewbox=\"0 0 24 36\"><g transform=\"translate(-671 -639)\"><g transform=\"translate(665 639)\"><path d=\"M18,7.5A1.5,1.5,0,0,0,16.5,9v6a1.5,1.5,0,0,0,3,0V9A1.5,1.5,0,0,0,18,7.5Z\" fill=\"#fff\"><\/path><path d=\"M6,12a12,12,0,1,1,24,0V24A12,12,0,0,1,6,24Zm21,0V24A9,9,0,0,1,9,24V12a9,9,0,0,1,18,0Z\" fill=\"#fff\" fill-rule=\"evenodd\"><\/path><\/g><\/g><\/svg>\t\t\t<\/a>\n\t\t<\/div>\n\t\t\t\t<\/div>\n\t\t\t\t<\/div>\n\t\t\t\t\t<\/div>\n\t\t<\/div>\n\t\t\t\t\t<\/div>\n\t\t<\/section>\n\t\t\t\t<section class=\"ob-is-breaking-bad elementor-section elementor-top-section elementor-element elementor-element-fcafd0d elementor-section-boxed elementor-section-height-default elementor-section-height-default\" data-id=\"fcafd0d\" data-element_type=\"section\" id=\"terminos-condiciones\" data-settings=\"{&quot;_ob_bbad_use_it&quot;:&quot;yes&quot;,&quot;_ob_bbad_sssic_use&quot;:&quot;no&quot;}\">\n\t\t\t\t\t\t<div class=\"elementor-container elementor-column-gap-no\">\n\t\t\t\t\t<div class=\"elementor-column elementor-col-100 elementor-top-column elementor-element elementor-element-a319c65\" data-id=\"a319c65\" data-element_type=\"column\" data-settings=\"{&quot;_ob_bbad_is_stalker&quot;:&quot;no&quot;}\">\n\t\t\t<div class=\"elementor-widget-wrap elementor-element-populated\">\n\t\t\t\t\t\t<div class=\"elementor-element elementor-element-8feb778 elementor-toc--minimized-on-tablet elementor-widget elementor-widget-table-of-contents\" data-id=\"8feb778\" data-element_type=\"widget\" data-settings=\"{&quot;headings_by_tags&quot;:[&quot;h2&quot;],&quot;exclude_headings_by_selector&quot;:[],&quot;marker_view&quot;:&quot;bullets&quot;,&quot;icon&quot;:{&quot;value&quot;:&quot;fas fa-circle&quot;,&quot;library&quot;:&quot;fa-solid&quot;},&quot;minimize_box&quot;:&quot;yes&quot;,&quot;minimized_on&quot;:&quot;tablet&quot;,&quot;hierarchical_view&quot;:&quot;yes&quot;,&quot;min_height&quot;:{&quot;unit&quot;:&quot;px&quot;,&quot;size&quot;:&quot;&quot;,&quot;sizes&quot;:[]},&quot;min_height_laptop&quot;:{&quot;unit&quot;:&quot;px&quot;,&quot;size&quot;:&quot;&quot;,&quot;sizes&quot;:[]},&quot;min_height_tablet_extra&quot;:{&quot;unit&quot;:&quot;px&quot;,&quot;size&quot;:&quot;&quot;,&quot;sizes&quot;:[]},&quot;min_height_tablet&quot;:{&quot;unit&quot;:&quot;px&quot;,&quot;size&quot;:&quot;&quot;,&quot;sizes&quot;:[]},&quot;min_height_mobile_extra&quot;:{&quot;unit&quot;:&quot;px&quot;,&quot;size&quot;:&quot;&quot;,&quot;sizes&quot;:[]},&quot;min_height_mobile&quot;:{&quot;unit&quot;:&quot;px&quot;,&quot;size&quot;:&quot;&quot;,&quot;sizes&quot;:[]},&quot;_ob_widget_stalker_use&quot;:&quot;no&quot;}\" data-widget_type=\"table-of-contents.default\">\n\t\t\t\t<div class=\"elementor-widget-container\">\n\t\t\t<style>\/*! elementor-pro - v3.7.2 - 15-06-2022 *\/\n.elementor-widget-table-of-contents .elementor-toc__header-title{color:var(--header-color)}.elementor-widget-table-of-contents.elementor-toc--collapsed .elementor-toc__toggle-button--collapse,.elementor-widget-table-of-contents:not(.elementor-toc--collapsed) .elementor-toc__toggle-button--expand{display:none}.elementor-widget-table-of-contents .elementor-widget-container{min-height:var(--box-min-height);border:var(--box-border-width,1px) solid var(--box-border-color,#a4afb7);border-radius:var(--box-border-radius,3px);background-color:var(--box-background-color);-webkit-transition:min-height .4s;-o-transition:min-height .4s;transition:min-height .4s;overflow:hidden}.elementor-toc__header{display:-webkit-box;display:-ms-flexbox;display:flex;-webkit-box-align:center;-ms-flex-align:center;align-items:center;-webkit-box-pack:justify;-ms-flex-pack:justify;justify-content:space-between;padding:var(--box-padding,20px);background-color:var(--header-background-color);border-bottom:var(--separator-width,1px) solid var(--box-border-color,#a4afb7)}.elementor-toc__header-title{font-size:18px;margin:0;color:var(--header-color)}.elementor-toc__toggle-button{cursor:pointer;display:-webkit-inline-box;display:-ms-inline-flexbox;display:inline-flex}.elementor-toc__toggle-button i{color:var(--toggle-button-color)}.elementor-toc__toggle-button svg{height:1em;width:1em;fill:var(--toggle-button-color)}.elementor-toc__spinner-container{text-align:center}.elementor-toc__spinner{font-size:2em}.elementor-toc__spinner.e-font-icon-svg{height:1em;width:1em}.elementor-toc__body{padding:var(--box-padding,20px);max-height:var(--toc-body-max-height);overflow-y:auto}.elementor-toc__body::-webkit-scrollbar{width:7px}.elementor-toc__body::-webkit-scrollbar-thumb{background-color:#c2cbd2;border-radius:10px}.elementor-toc__list-wrapper{list-style:none;padding:0}.elementor-toc__list-item{margin-bottom:.5em}.elementor-toc__list-item.elementor-item-active{font-weight:700}.elementor-toc__list-item .elementor-toc__list-wrapper{margin-top:.5em;margin-left:var(--nested-list-indent,1em)}.elementor-toc__list-item-text:hover{color:var(--item-text-hover-color);-webkit-text-decoration:var(--item-text-hover-decoration);text-decoration:var(--item-text-hover-decoration)}.elementor-toc__list-item-text.elementor-item-active{color:var(--item-text-active-color);-webkit-text-decoration:var(--item-text-active-decoration);text-decoration:var(--item-text-active-decoration)}.elementor-toc__list-item-text-wrapper{display:-webkit-box;display:-ms-flexbox;display:flex;-webkit-box-align:center;-ms-flex-align:center;align-items:center}.elementor-toc__list-item-text-wrapper:before,.elementor-toc__list-item-text-wrapper i{margin-right:8px;color:var(--marker-color)}.elementor-toc__list-item-text-wrapper svg{margin-right:8px;fill:var(--marker-color);height:var(--marker-size,.5em);width:var(--marker-size,.5em)}.elementor-toc__list-item-text-wrapper i{font-size:var(--marker-size,.5em)}.elementor-toc__list-item-text-wrapper:before{font-size:var(--marker-size,1em)}.elementor-toc--content-ellipsis .elementor-toc__list-item-text{white-space:nowrap;overflow:hidden;-o-text-overflow:ellipsis;text-overflow:ellipsis}.elementor-toc__list-items--collapsible>.elementor-toc__list-wrapper>.elementor-toc__list-item>.elementor-toc__list-wrapper{display:none}.elementor-toc__heading-anchor{position:absolute}.elementor-toc__body .elementor-toc__list-item-text{color:var(--item-text-color);-webkit-text-decoration:var(--item-text-decoration);text-decoration:var(--item-text-decoration)}.elementor-toc__body .elementor-toc__list-item-text:hover{color:var(--item-text-hover-color);-webkit-text-decoration:var(--item-text-hover-decoration);text-decoration:var(--item-text-hover-decoration)}.elementor-toc__body .elementor-toc__list-item-text.elementor-item-active{color:var(--item-text-active-color);-webkit-text-decoration:var(--item-text-active-decoration);text-decoration:var(--item-text-active-decoration)}ol.elementor-toc__list-wrapper{counter-reset:item}ol.elementor-toc__list-wrapper .elementor-toc__list-item{counter-increment:item}ol.elementor-toc__list-wrapper .elementor-toc__list-item-text-wrapper:before{content:counters(item,\".\") \". \"}<\/style>\t\t<div class=\"elementor-toc__header\">\n\t\t\t<div class=\"elementor-toc__header-title\">\n\t\t\t\tTabla de contenidos\t\t\t<\/div>\n\t\t\t\t\t\t\t<div class=\"elementor-toc__toggle-button elementor-toc__toggle-button--expand\"><i class=\"fas fa-chevron-down\"><\/i><\/div>\n\t\t\t\t<div class=\"elementor-toc__toggle-button elementor-toc__toggle-button--collapse\"><i class=\"fas fa-chevron-up\"><\/i><\/div>\n\t\t\t\t\t<\/div>\n\t\t<div class=\"elementor-toc__body\">\n\t\t\t<div class=\"elementor-toc__spinner-container\">\n\t\t\t\t<i class=\"elementor-toc__spinner eicon-animation-spin eicon-loading\" aria-hidden=\"true\"><\/i>\t\t\t<\/div>\n\t\t<\/div>\n\t\t\t\t<\/div>\n\t\t\t\t<\/div>\n\t\t\t\t<div class=\"elementor-element elementor-element-14676e9 elementor-widget elementor-widget-text-editor\" data-id=\"14676e9\" data-element_type=\"widget\" data-settings=\"{&quot;_ob_postman_use&quot;:&quot;no&quot;,&quot;_ob_widget_stalker_use&quot;:&quot;no&quot;}\" data-widget_type=\"text-editor.default\">\n\t\t\t\t<div class=\"elementor-widget-container\">\n\t\t\t<style>\/*! elementor - v3.23.0 - 15-07-2024 *\/\n.elementor-widget-text-editor.elementor-drop-cap-view-stacked .elementor-drop-cap{background-color:#69727d;color:#fff}.elementor-widget-text-editor.elementor-drop-cap-view-framed .elementor-drop-cap{color:#69727d;border:3px solid;background-color:transparent}.elementor-widget-text-editor:not(.elementor-drop-cap-view-default) .elementor-drop-cap{margin-top:8px}.elementor-widget-text-editor:not(.elementor-drop-cap-view-default) .elementor-drop-cap-letter{width:1em;height:1em}.elementor-widget-text-editor .elementor-drop-cap{float:left;text-align:center;line-height:1;font-size:50px}.elementor-widget-text-editor .elementor-drop-cap-letter{display:inline-block}<\/style>\t\t\t\t<h2><b>I. INTRODUCCI\u00d3N<\/b><\/h2><p><span style=\"font-weight: 400;\">BROKKAR INVESTMENTS LATAM S.A.S. (en adelante, \u201cBrokkar\u201d), es una compa\u00f1\u00eda ecuatoriana que tiene como actividad principal la de prestar: \u201cOtros tipos de consultor\u00eda t\u00e9cnica\u201d y como actividad complementaria: \u201cIntermediarios del Comercio de productos y servicios\u201d. Adem\u00e1s, de conectar usuarios con instituciones financieras, de econom\u00eda popular y solidaria por medio de una plataforma virtual, compuesta por una p\u00e1gina web y aplicaci\u00f3n m\u00f3vil. La misma\u00a0 tiene como finalidad que los consumidores ingresen y puedan solicitar cr\u00e9ditos para la compra de bienes y servicios en establecimientos comerciales. Asimismo, que puedan realizar la transacci\u00f3n de compraventa directamente con los expendedores de manera electr\u00f3nica; y, en general todo tipo de actividades complementarias.<\/span><\/p><p><span style=\"font-weight: 400;\">En estricto cumplimiento a la normativa local en materia de protecci\u00f3n de datos, y espec\u00edficamente a lo dispuesto en la Constituci\u00f3n de la Rep\u00fablica del Ecuador y a la Ley Org\u00e1nica de Protecci\u00f3n de Datos Personales, al igual que las dem\u00e1s normas modificatorias, concordantes y complementarias pertinentes, Brokkar, presenta la siguiente: \u201cPOL\u00cdTICA DE PROTECCI\u00d3N Y TRATAMIENTO DE DATOS PERSONALES\u201d (en adelante, \u201cPol\u00edtica de Protecci\u00f3n y Tratamiento\u201d), con el prop\u00f3sito de proteger la informaci\u00f3n personal brindada por los titulares que tengan relaci\u00f3n con la compa\u00f1\u00eda. Como lo son usuarios, proveedores, clientes, empleados, colaboradores y cualquier otra persona natural de la cual Brokkar obtenga, recolecte, procese o trate datos personales, sea que dicho tratamiento sea realizado por Brokkar o por terceras personas que lo hagan por encargo de esta.\u00a0<\/span><\/p><p><span style=\"font-weight: 400;\">La Pol\u00edtica de Protecci\u00f3n y Tratamiento\u00a0 tiene como objeto proteger el derecho constitucional del Habeas Data que tienen todas las personas para conocer, actualizar y rectificar la informaci\u00f3n que se haya recogido y almacenado en las distintas bases de datos de Brokkar; y, en virtud del cumplimiento de dicho derecho, solo recolecta y da tratamiento a datos personales, cuando as\u00ed haya sido autorizado previamente por su titular, implementando para tal efecto, medidas claras sobre confidencialidad y privacidad de los datos personales. De igual manera, detalla los lineamientos generales corporativos que se tienen en cuenta con el fin de proteger los datos personales de los titulares, las finalidades de tratamiento de la informaci\u00f3n, el \u00e1rea responsable de atender las quejas y reclamos, y los procedimientos que se deben agotar para conocer, actualizar, rectificar y suprimir la informaci\u00f3n y los respectivos canales para que estos puedan ejercerlos.<\/span><\/p>\t\t\t\t\t\t<\/div>\n\t\t\t\t<\/div>\n\t\t\t\t<div class=\"elementor-element elementor-element-a20aae4 elementor-widget elementor-widget-text-editor\" data-id=\"a20aae4\" data-element_type=\"widget\" data-settings=\"{&quot;_ob_postman_use&quot;:&quot;no&quot;,&quot;_ob_widget_stalker_use&quot;:&quot;no&quot;}\" data-widget_type=\"text-editor.default\">\n\t\t\t\t<div class=\"elementor-widget-container\">\n\t\t\t\t\t\t\t<h2><b>II. DEFINICIONES<\/b><\/h2><p><b>Autorizaci\u00f3n:<\/b><span style=\"font-weight: 400;\"> Consentimiento previo, expreso e informado del titular para llevar a cabo el tratamiento de datos personales.<\/span><\/p><p><b>Aviso de privacidad:<\/b><span style=\"font-weight: 400;\"> Comunicaci\u00f3n verbal o escrita dirigida a los titulares de los datos personales que est\u00e1n siendo tratados por la empresa, en la cual se le informa acerca de la existencia de las pol\u00edticas de tratamiento de datos personales que le ser\u00e1n aplicadas, la forma de acceder a la mismas, y las finalidades para las cuales ser\u00e1n usados sus datos personales.\u00a0<\/span><\/p><p><b>Base de datos personales:<\/b><span style=\"font-weight: 400;\"> Conjunto organizado de datos personales que son objeto de tratamiento por una persona natural o jur\u00eddica.<\/span><\/p><p><b>Dato sensible:<\/b><span style=\"font-weight: 400;\"> Es aquel dato personal que afecta la intimidad del titular y cuyo uso incorrecto podr\u00eda generar discriminaci\u00f3n. Son considerados datos sensibles entre otros, los datos de salud, los datos de orientaci\u00f3n sexual, origen racial y \u00e9tnico, opiniones pol\u00edticas, convicciones religiosas, filos\u00f3ficas o morales.<\/span><\/p><p><b>Dato personal:<\/b><span style=\"font-weight: 400;\"> Cualquier informaci\u00f3n que identifica o hace identificable a una persona natural, directa o indirectamente.<\/span><\/p><p><b>Dato privado:<\/b><span style=\"font-weight: 400;\"> Es aquel dato personal que por su car\u00e1cter \u00edntimo o reservado es relevante para el titular.<\/span><\/p><p><b>Dato Semiprivado:<\/b><span style=\"font-weight: 400;\"> Es aquel dato personal conocido y de inter\u00e9s tanto para el titular como para un determinado sector de personas o para la sociedad en general, por lo que no es de car\u00e1cter \u00edntimo, reservado o p\u00fablico.<\/span><\/p><p><b>Dato p\u00fablico:<\/b><span style=\"font-weight: 400;\"> Es aquel dato personal calificado como tal seg\u00fan la Constituci\u00f3n y la ley, y que no se ha clasificado como dato personal privado o semiprivado.<\/span><\/p><p><b>Habeas data:<\/b><span style=\"font-weight: 400;\"> Es el derecho que tiene el titular de los datos personales de exigir de los administradores de estos, el acceso, inclusi\u00f3n, exclusi\u00f3n, correcci\u00f3n, adici\u00f3n, actualizaci\u00f3n y rectificaci\u00f3n de los datos, as\u00ed como la limitaci\u00f3n en su divulgaci\u00f3n, publicaci\u00f3n o cesi\u00f3n.<\/span><\/p><p><b>Titular del dato personal:<\/b><span style=\"font-weight: 400;\"> Persona natural cuyos datos son objeto de tratamiento. En el contexto de la presente Pol\u00edtica de Protecci\u00f3n y Tratamiento los titulares podr\u00e1n ser: (i) suscriptores\/Clientes de la plataforma; (ii) Contratistas\/Comercios; (iii) proveedores (iv) todas aquellas personas no vinculadas a Brokkar de quien se haga tratamiento de los datos personales.\u00a0<\/span><\/p><p><b>Responsable del tratamiento:<\/b><span style=\"font-weight: 400;\"> Persona natural o jur\u00eddica de car\u00e1cter p\u00fablico o privado que por s\u00ed misma o en asociaci\u00f3n con otro u otros decide sobre el tratamiento de datos personales. En este caso, Brokkar ser\u00e1 el responsable del tratamiento.<\/span><\/p><p><b>Tratamiento:<\/b><span style=\"font-weight: 400;\"> Cualquier operaci\u00f3n o conjunto de operaciones sobre datos personales, tales como la recolecci\u00f3n, almacenamiento, uso, circulaci\u00f3n o supresi\u00f3n.<\/span><\/p><p><b>Custodio de las bases de datos<\/b><span style=\"font-weight: 400;\">: Persona natural, dentro de la empresa, que custodia las bases de datos personales.<\/span><\/p><p><b>Transmisi\u00f3n:<\/b><span style=\"font-weight: 400;\"> Tratamiento de datos personales que implica la comunicaci\u00f3n a un tercero de los mismos, dentro o fuera del territorio de la Rep\u00fablica de Ecuador, cuando dicha comunicaci\u00f3n tenga por objeto la realizaci\u00f3n de un tratamiento por el encargado en nombre y por cuenta del responsable para cumplir con las finalidades de este \u00faltimo.<\/span><\/p><p><b>Transferencia:<\/b><span style=\"font-weight: 400;\"> La transferencia de datos personales tiene lugar cuando el responsable y\/o encargado del tratamiento de datos personales env\u00eda la informaci\u00f3n o los datos personales a un receptor, que a su vez es responsable del tratamiento y se encuentra dentro o fuera del pa\u00eds.<\/span><\/p><p><b>Violaci\u00f3n de datos personales<\/b><span style=\"font-weight: 400;\">: La persona que, en provecho propio o de un tercero, revele informaci\u00f3n registrada, contenida en ficheros, archivos, bases de datos o medios semejantes, a trav\u00e9s o dirigidas a un sistema electr\u00f3nico, inform\u00e1tico, telem\u00e1tico o de telecomunicaciones; materializando voluntaria e intencionalmente la violaci\u00f3n del secreto, la intimidad y la privacidad de las personas.<\/span><\/p>\t\t\t\t\t\t<\/div>\n\t\t\t\t<\/div>\n\t\t\t\t<div class=\"elementor-element elementor-element-c1b56d8 elementor-widget elementor-widget-text-editor\" data-id=\"c1b56d8\" data-element_type=\"widget\" data-settings=\"{&quot;_ob_postman_use&quot;:&quot;no&quot;,&quot;_ob_widget_stalker_use&quot;:&quot;no&quot;}\" data-widget_type=\"text-editor.default\">\n\t\t\t\t<div class=\"elementor-widget-container\">\n\t\t\t\t\t\t\t<h2><b>III. PRINCIPIOS RECTORES PARA EL TRATAMIENTO DE DATOS PERSONALES<\/b><\/h2><p><span style=\"font-weight: 400;\">Seg\u00fan lo establecido en la Ley Org\u00e1nica de Protecci\u00f3n de Datos Personales, la protecci\u00f3n de datos personales se regir\u00e1 por la aplicaci\u00f3n arm\u00f3nica e integral de los siguientes principios:<\/span><\/p><p><b>Juricidad lealtad y transparencia<\/b><span style=\"font-weight: 400;\">: Los datos personales deben tratarse con estricto apego y cumplimiento a los principios, derechos y obligaciones establecidas en la Constituci\u00f3n. De igual manera, a los instrumentos internacionales, a la Ley Org\u00e1nica de Protecci\u00f3n de Datos Personales, su reglamento y dem\u00e1s normativa y jurisprudencia aplicable.<\/span><\/p><p><span style=\"font-weight: 400;\">En ning\u00fan caso los datos personales podr\u00e1n ser tratados a trav\u00e9s de medios ilegales o para fines il\u00edcitos o desleales.<\/span><\/p><p><span style=\"font-weight: 400;\">Las relaciones derivadas del tratamiento de datos personales deben ser transparentes y se rigen en funci\u00f3n de las disposiciones contenidas en la presente Pol\u00edtica de Protecci\u00f3n y Tratamiento.<\/span><\/p><p><b>Legitimidad<\/b><span style=\"font-weight: 400;\">: El tratamiento solo ser\u00e1 legitimo y l\u00edcito si cumple con algunas de las siguientes condiciones:<\/span><\/p><ol><li style=\"font-weight: 400;\" aria-level=\"1\"><span style=\"font-weight: 400;\">Exista obligaci\u00f3n en el ordenamiento jur\u00eddico aplicable para el responsable del tratamiento.<\/span><\/li><li style=\"font-weight: 400;\" aria-level=\"1\"><span style=\"font-weight: 400;\">Por orden judicial, resoluci\u00f3n o mandato de autoridad competente.<\/span><\/li><li style=\"font-weight: 400;\" aria-level=\"1\"><span style=\"font-weight: 400;\">Para el ejercicio de las competencias y facultades establecidas en la Constituci\u00f3n, instrumentos internacionales ratificados por el Ecuador y dem\u00e1s normativa aplicable a favor de las entidades del sector p\u00fablico, su delegatarios y organizaciones de derecho internacional p\u00fablico.<\/span><\/li><li style=\"font-weight: 400;\" aria-level=\"1\"><span style=\"font-weight: 400;\">Para el cumplimiento de obligaciones contractuales perseguidas por el responsable del tratamiento de datos personales, por el encargado del tratamiento de datos personales o por un tercero legalmente habilitado.<\/span><\/li><li style=\"font-weight: 400;\" aria-level=\"1\"><span style=\"font-weight: 400;\">Para la ejecuci\u00f3n de medidas precontractuales a petici\u00f3n del titular, excepto cuando prevalezcan los intereses o los derechos y libertades de ni\u00f1as, ni\u00f1os y adolescentes como titulares.<\/span><\/li><li style=\"font-weight: 400;\" aria-level=\"1\"><span style=\"font-weight: 400;\">Por consentimiento del titular para el tratamiento de sus datos personales para una o varias finalidades espec\u00edficas.<\/span><\/li><li style=\"font-weight: 400;\" aria-level=\"1\"><span style=\"font-weight: 400;\">Para proteger intereses vitales del interesado u otra persona natural por ejemplo, su vida, salud o integridad.<\/span><\/li><\/ol><p><b>Finalidad<\/b><span style=\"font-weight: 400;\">: Las finalidades del tratamiento deber\u00e1n ser determinadas, expl\u00edcitas y leg\u00edtimas, no podr\u00e1n tratarse de datos\u00a0 personales con fines distintos\u00a0 para los cuales fueron recopilados, a menos que concurran una de las causales que habiliten un nuevo tratamiento conforme al principio de legitimidad.<\/span><\/p><p><b>Pertinencia y Minimizaci\u00f3n de datos personales<\/b><span style=\"font-weight: 400;\">: Los datos personales deben ser pertinentes y limitados a lo m\u00ednimo necesario para su finalidad.<\/span><\/p><p><b>Proporcionalidad del Tratamiento<\/b><span style=\"font-weight: 400;\">: El tratamiento debe ser adecuado, necesario, oportuno, relevante y no excesivo en relaci\u00f3n con las finalidades para los cuales han sido recogidos o a la naturaleza de las categor\u00edas especiales de datos.<\/span><\/p><p><b>Consentimiento:<\/b><span style=\"font-weight: 400;\"> Se podr\u00e1n tratar y comunicar cuando se cuente con la manifestaci\u00f3n del titular de hacerlo. El consentimiento ser\u00e1 v\u00e1lido cuando la manifestaci\u00f3n de voluntad sea: libre: es decir, que se encuentre exenta de vicios del consentimiento. Especificidad: se refiere a la determinaci\u00f3n concreta de los medios y fines del tratamiento. Informada: aquella que cumple con el principio de transparencia y efectiviza el derecho a la transparencia. Inequ\u00edvoca: que no se presenten dudas sobre el alcance de la autorizaci\u00f3n dada por el titular. Previa: que el consentimiento se haya dado con anterioridad al tratamiento, ya sea en el momento mismo de la recogida del dato cuando se obtiene directamente del titular y excepcionalmente de forma posterior cuando los datos personales no se obtuvieren de forma directa. Expresa: que de manera indubitable el responsable pueda demostrar que el titular manifest\u00f3 su voluntad a trav\u00e9s de una declaraci\u00f3n o acci\u00f3n clara afirmativa o se deduzca de una acci\u00f3n del titular.<\/span><\/p><p><span style=\"font-weight: 400;\">El consentimiento podr\u00e1 revocarse en cualquier momento sin que sea necesaria una justificaci\u00f3n, para lo cual el responsable de tratamiento de datos personales establecer\u00e1 mecanismos que garanticen celeridad, eficiencia, eficacia y gratuidad, as\u00ed como un procedimiento igual de sencillo que el llevado para recabar el consentimiento.<\/span><\/p><p><span style=\"font-weight: 400;\">El tratamiento realizado antes de revocar el consentimiento es l\u00edcito en virtud de que este no tiene efectos retroactivos.<\/span><\/p><p><b>Confidencialidad<\/b><span style=\"font-weight: 400;\">: El tratamiento de datos personales debe concebirse sobre la base del sigilo y el secreto, es decir, no deben tratarse o comunicarse para un fin distinto para la cual fueron recogidos, sin que se cuente con el consentimiento del titular o concurra una de las causales que habiliten el tratamiento conforme con el principio de legitimidad. El nivel de confidencialidad depende de la naturaleza del dato personal.<\/span><\/p><p><span style=\"font-weight: 400;\">Este principio no implica solamente el mantenimiento de la seguridad de los datos personales, sino tambi\u00e9n la facultad del titular de controlar la forma en c\u00f3mo se tratan sus datos incluyendo la transferencia o la comunicaci\u00f3n.<\/span><\/p><p><b>Calidad: <\/b><span style=\"font-weight: 400;\">Los datos personales que sean objeto de tratamiento deben ser exactos, \u00edntegros, precisos, completos, comprobables, claros y de ser el caso, debidamente actualizados de forma que no se altere su veracidad.<\/span><\/p><p><span style=\"font-weight: 400;\">La autoridad de protecci\u00f3n de datos personales definir\u00e1 los casos en los cuales se deber\u00e1n actualizar los datos personales y su periodicidad.<\/span><\/p><p><b>Conservaci\u00f3n:<\/b><span style=\"font-weight: 400;\"> Los datos personales ser\u00e1n conservados conforme a los siguientes presupuestos:<\/span><\/p><ol><li style=\"font-weight: 400;\" aria-level=\"1\"><span style=\"font-weight: 400;\">Durante el tiempo consentido determinado en el ordenmiento jur\u00eddico o establecido en orden judicial, resoluci\u00f3n o mandato de autoridad p\u00fablica competente; o<\/span><\/li><li style=\"font-weight: 400;\" aria-level=\"1\"><span style=\"font-weight: 400;\">Hasta cuando cumplan con la finalidad para el cual fueron recogidos o tratados.<\/span><\/li><\/ol><p><span style=\"font-weight: 400;\">Una vez que se cumplan con los presupuestos establecidos, los datos personales deber\u00e1n suprimirmise o ser sometidos a un proceso de anonimizaci\u00f3n de ser el caso. Para lo cual se implementar\u00e1 m\u00e9todos y t\u00e9cnicas orientadas a eliminar, anular, borrar, hacer ilegible, destruir o dejar irreconocibles de forma segura los datos personales.<\/span><\/p><p><b>Seguridad de Datos Personales<\/b><span style=\"font-weight: 400;\">: Los responsables y encargados del tratamiento de datos personales deber\u00e1n acreditar el haber implementado mecanismos para la protecci\u00f3n de datos personales, es decir, el cumplimiento de los principios, derechos y obligaciones establecidos en la ley. Adem\u00e1s de lo establecido en la normativa aplicable, podr\u00e1 valerse de est\u00e1ndares, mejores pr\u00e1cticas, esquemas de auto y corregulaci\u00f3n, c\u00f3digos de protecci\u00f3n, sistemas de certificaci\u00f3n, sellos de protecci\u00f3n de datos personales o cualquier otro mecanismo que se determine adecuado a los fines, la naturaleza del dato personal o riesgo del tratamiento.<\/span><\/p><p><span style=\"font-weight: 400;\">El responsable del tratamiento de datos personales est\u00e1 obligado a rendir cuentas sobre el tratamiento al titular y a la Autoridad de Protecci\u00f3n de Datos Personales.<\/span><\/p><p><span style=\"font-weight: 400;\">El responsable del tratamiento de datos personales deber\u00e1 evaluar y revisar los mecanismos que adopte para cumplir con el principio de responsabilidad de forma continua y permanente, con el objeto de mejorar su nivel de eficacia en cuanto a la aplicaci\u00f3n de la presente Pol\u00edtica de Protecci\u00f3n y Tratamiento.<\/span><\/p><p><b>Aplicaci\u00f3n favorable al titular<\/b><span style=\"font-weight: 400;\">: En caso de duda sobre el alcance de las disposiciones del ordenamiento jur\u00eddico o contractuales aplicables a la protecci\u00f3n de datos personales, los funcionarios judiciales y administrativos las interpretar\u00e1n y aplicar\u00e1n en el sentido m\u00e1s favorable al titular de dichos datos.<\/span><\/p><p><b>Independencia de control<\/b><span style=\"font-weight: 400;\">: Para el efectivo ejercicio de derecho a la protecci\u00f3n de datos personales, el Estado ejercer\u00e1 un control independiente, imparcial y aut\u00f3nomo, as\u00ed como su regulaci\u00f3n.<\/span><\/p><p><b>Normativa Especializada<\/b><span style=\"font-weight: 400;\">: Los datos personales cuyo tratamiento se encuentre regulado en normativa especializada en materia de ejercicio de la libertad de expresi\u00f3n, gesti\u00f3n de riesgos, desastres naturales, seguridad nacional y defensa del Estado y, los datos personales que deban proporcionarse a autoridades administrativos o judiciales en virtud de solicitudes y \u00f3rdenes amparadas en competencias atribuidas en la normativa vigente, estar\u00e1n sujetos a los principios establecios en sus propias normas y los principios de juridicidad, lealtad, transparencia, legitimidad, finalidad, confidencialidad, conservaci\u00f3n, seguridad de datos personales, responsabilidad proactiva y demostrada en los casos que corresponda y de aplicaci\u00f3n favorable.<\/span><\/p>\t\t\t\t\t\t<\/div>\n\t\t\t\t<\/div>\n\t\t\t\t<div class=\"elementor-element elementor-element-fe64009 elementor-widget elementor-widget-text-editor\" data-id=\"fe64009\" data-element_type=\"widget\" data-settings=\"{&quot;_ob_postman_use&quot;:&quot;no&quot;,&quot;_ob_widget_stalker_use&quot;:&quot;no&quot;}\" data-widget_type=\"text-editor.default\">\n\t\t\t\t<div class=\"elementor-widget-container\">\n\t\t\t\t\t\t\t<h2><b>IV. DERECHOS QUE LES ASISTEN A LOS TITULARES DE DATOS PERSONALES<\/b><\/h2><p><b>Derechos de los titulares<\/b><span style=\"font-weight: 400;\">: En cumplimiento de las garant\u00edas fundamentales consagradas en la Constituci\u00f3n y la ley, y sin perjuicio de lo dispuesto en las dem\u00e1s normas que regulen la materia, los titulares de los datos personales podr\u00e1n ejercer de forma gratuita e ilimitadamente los siguientes derechos:<\/span><\/p><p><b>Derecho a la lealtad, transparencia\u00a0 e informaci\u00f3n<\/b><span style=\"font-weight: 400;\">: El titular de datos personales tiene derecho a ser informado de forma leal y transparente por cualquier medio sobre:<\/span><\/p><ol><li style=\"font-weight: 400;\" aria-level=\"1\"><span style=\"font-weight: 400;\">Los fines del tratamiento;<\/span><\/li><li style=\"font-weight: 400;\" aria-level=\"1\"><span style=\"font-weight: 400;\">Base legal para el tratamiento;<\/span><\/li><li style=\"font-weight: 400;\" aria-level=\"1\"><span style=\"font-weight: 400;\">Tipos de tratamiento;<\/span><\/li><li style=\"font-weight: 400;\" aria-level=\"1\"><span style=\"font-weight: 400;\">Tiempo de conservaci\u00f3n;<\/span><\/li><li style=\"font-weight: 400;\" aria-level=\"1\"><span style=\"font-weight: 400;\">La existencia de una base de datos en donde consten sus datos personales;<\/span><\/li><li style=\"font-weight: 400;\" aria-level=\"1\"><span style=\"font-weight: 400;\">El origen de los datos personales cuando no se hayan obtenido directamente del titular;<\/span><\/li><li style=\"font-weight: 400;\" aria-level=\"1\"><span style=\"font-weight: 400;\">Otras finalidades y tratamientos;<\/span><\/li><li style=\"font-weight: 400;\" aria-level=\"1\"><span style=\"font-weight: 400;\">Identidad y datos de contacto del responsable del tratamiento de datos personales, que\u00a0 incluye direcci\u00f3n de domicilio legal, n\u00famero de tel\u00e9fono y correo electr\u00f3nico;<\/span><\/li><li style=\"font-weight: 400;\" aria-level=\"1\"><span style=\"font-weight: 400;\">Las transferencias o comunicaciones nacionales o internacionales de datos personales que pretenda realizar, incluyendo los destinatarios y sus clases, as\u00ed como las finalidades que motivan la realizaci\u00f3n de estas.<\/span><\/li><\/ol><p><b>Derecho de Acceso<\/b><span style=\"font-weight: 400;\">: El titular tiene derecho a conocer y a obtener del responsable del tratamiento, acceso a todos sus datos personales y a la informaci\u00f3n detallada en el art\u00edculo precedente sin necesidad de presentar justificaci\u00f3n alguna.<\/span><\/p><p><span style=\"font-weight: 400;\">El responsable del tratamiento de datos personales deber\u00e1 establecer m\u00e9todos razonables que permitan el ejercicio de ese derecho.<\/span><\/p><p><span style=\"font-weight: 400;\">En caso de que fuera necesario, podr\u00e1 restringir o negar dicho acceso, deber\u00e1n especificarse las razones concretas de dicha restricci\u00f3n o negativa de acuerdo con lo establecido en la normativa vigente.<\/span><\/p><p><b>Derecho de Rectificaci\u00f3n y Actualizaci\u00f3n<\/b><span style=\"font-weight: 400;\">: El titular tiene el derecho de solicitar que se corrijan o actualicen sus datos inexactos, incompletos, desactualizados, err\u00f3neos, falsos, incorrectos o imprecisos.<\/span><\/p><p><b>Derecho de Eliminaci\u00f3n<\/b><span style=\"font-weight: 400;\">: El titular tiene derecho solicitar la supresi\u00f3n de sus datos personales a fin de que estos dejen de ser tratados por el responsable del tratamiento de datos personales cuando:<\/span><\/p><ul><li style=\"font-weight: 400;\" aria-level=\"1\"><span style=\"font-weight: 400;\">El tratamiento no cumpla con los principios de juridicidad, lealtad, transparencia y legitimidad.<\/span><\/li><li style=\"font-weight: 400;\" aria-level=\"1\"><span style=\"font-weight: 400;\">El tratamiento no sea necesario o pertinente para el cumplimiento de la finalidad.<\/span><\/li><li style=\"font-weight: 400;\" aria-level=\"1\"><span style=\"font-weight: 400;\">Los datos personales hayan cumplido la finalidad para la cual fueron recogidos o tratados.<\/span><\/li><li style=\"font-weight: 400;\" aria-level=\"1\"><span style=\"font-weight: 400;\">Haya vencido el plazo de conservaci\u00f3n de los datos personales.<\/span><\/li><li style=\"font-weight: 400;\" aria-level=\"1\"><span style=\"font-weight: 400;\">El tratamiento afecte derechos fundamentales o libertades individuales.<\/span><\/li><li style=\"font-weight: 400;\" aria-level=\"1\"><span style=\"font-weight: 400;\">Haya revocado o no haya otorgado el consentimiento para uno o varios fines espec\u00edficos sin necesidad de que medie justificaci\u00f3n alguna.<\/span><\/li><\/ul><p><span style=\"font-weight: 400;\">El responsable del tratamiento de datos personales implementar\u00e1 m\u00e9todos y t\u00e9cnicas orientadas a eliminar, anular, borrar, hacer ilegible, destrir o dejar irreconocibles de forma definitiva y segura, de conformidad con la normativa t\u00e9cnica emitida por la Autoridad de Protecci\u00f3n de Datos Personales.<\/span><\/p><p><b>Derecho al olvido digital<\/b><span style=\"font-weight: 400;\">: El titular tiene el derecho a solicitar al juez competente, obtener sin dilaci\u00f3n indebida del responsable del tratamiento, la supres\u00f3n de sus datos personales que est\u00e9n siendo tratados en el entorno digital, cuando concurra alguna de las siguientes circunstancias:<\/span><\/p><ol><li style=\"font-weight: 400;\" aria-level=\"1\"><span style=\"font-weight: 400;\">Los datos personales ya no sean necesarios en relaci\u00f3n con los fines para los que fueron recogidos o tratados.<\/span><\/li><li style=\"font-weight: 400;\" aria-level=\"1\"><span style=\"font-weight: 400;\">El interesado retire el consentimiento en que se basa el tratamiento o solicite su supresi\u00f3n.<\/span><\/li><li style=\"font-weight: 400;\" aria-level=\"1\"><span style=\"font-weight: 400;\">El interesado se oponga al tratamiento y no prevalezcan otros motivos leg\u00edtimos para el tratamiento.<\/span><\/li><li style=\"font-weight: 400;\" aria-level=\"1\"><span style=\"font-weight: 400;\">Los datos personales hayan sido tratados il\u00edcitamente.<\/span><\/li><li style=\"font-weight: 400;\" aria-level=\"1\"><span style=\"font-weight: 400;\">Los datos personales sean de car\u00e1cter obsoleto.<\/span><\/li><li style=\"font-weight: 400;\" aria-level=\"1\"><span style=\"font-weight: 400;\">Los datos personales no tengan valor hist\u00f3rico o cient\u00edfico.<\/span><\/li><li style=\"font-weight: 400;\" aria-level=\"1\"><span style=\"font-weight: 400;\">Los datos personales no sean de relevancia p\u00fablica.<\/span><\/li><li style=\"font-weight: 400;\" aria-level=\"1\"><span style=\"font-weight: 400;\">Los datos personales sean inadecuados, inexactos, impertinentes o excesivos con relaci\u00f3n a los fines y al tiempo transcurrido.<\/span><\/li><\/ol><p><span style=\"font-weight: 400;\">Lo anterior no se aplicar\u00e1 cuando el tratamiento sea necesario por cualquiera de las siguientes causas:<\/span><\/p><ol><li style=\"font-weight: 400;\" aria-level=\"1\"><span style=\"font-weight: 400;\">Para ejercer el derecho a la libertad de expresi\u00f3n e informaci\u00f3n.\u00a0<\/span><\/li><li style=\"font-weight: 400;\" aria-level=\"1\"><span style=\"font-weight: 400;\">Para el cumplimiento de una obligaci\u00f3n legal que requiere al tratamiento de datos por parte del responsable del tratamiento.\u00a0<\/span><\/li><li style=\"font-weight: 400;\" aria-level=\"1\"><span style=\"font-weight: 400;\">Por razones de inter\u00e9s p\u00fablico en el \u00e1mbito de la salud p\u00fablica.<\/span><\/li><li style=\"font-weight: 400;\" aria-level=\"1\"><span style=\"font-weight: 400;\">Con fines de archivo de inter\u00e9s p\u00fablico, fines de investigaci\u00f3n cient\u00edfica o hist\u00f3rica.<\/span><\/li><\/ol><p><span style=\"font-weight: 400;\">Para la aplicaci\u00f3n del presente articulo, se estar\u00e1 a las siguientes definiciones.<\/span><\/p><p><b>Derecho de oposici\u00f3n<\/b><span style=\"font-weight: 400;\">: El titular tiene el derecho de oponerse o negarse al tratamiento de sus datos personales en especial para fines de mercadotecnia, valoraciones o decisiones automatizadas, incluida la elaboraci\u00f3n de perfiles.<\/span><\/p><p><b>Derecho de anulaci\u00f3n<\/b><span style=\"font-weight: 400;\">: El titular tiene derecho a solicitar la nulidad por ilicitud en el acto o por el tratamiento de datos personales ante autoridad jurisdiccional, bajo las causales se\u00f1aladas para la nulidad en materia civil, mercantil y administrativa seg\u00fan sea el caso.<\/span><\/p><p><b>Derecho a la portabilidad<\/b><span style=\"font-weight: 400;\">: El titular tiene derecho a recibir del responsable del tratamiento, sus datos personales en un formato compatible, actualizado, estructurado y de lectura mec\u00e1nica, preservando sus caracter\u00edsticas.<\/span><\/p><p><span style=\"font-weight: 400;\">El titular podr\u00e1 solicitar la transferencia o comunicaci\u00f3n de sus datos personales a otro responsable del tratamiento. Luego de completar la transferencia, el responsable que transfiere dichos datos proceder\u00e1 a su eliminaci\u00f3n.<\/span><\/p><p><span style=\"font-weight: 400;\">Para que proceda el derecho a la portabilidad de datos es necesario que se produzca al menos una de las siguientes condiciones:<\/span><\/p><ul><li style=\"font-weight: 400;\" aria-level=\"1\"><span style=\"font-weight: 400;\">Que el titular haya otorgado su consentimiento para el tratamiento de sus datos personales para uno o varios fines espec\u00edficos, como la transferencia de comunicaci\u00f3n entre responsables del tratamiento de datos personales cuando la operaci\u00f3n sea t\u00e9cnicamente posible.<\/span><\/li><li style=\"font-weight: 400;\" aria-level=\"1\"><span style=\"font-weight: 400;\">Que el tratamiento se efect\u00fae por medios automatizados.\u00a0<\/span><\/li><li style=\"font-weight: 400;\" aria-level=\"1\"><span style=\"font-weight: 400;\">Que se trata de un volumen relevante de datos personales.\u00a0<\/span><\/li><li style=\"font-weight: 400;\" aria-level=\"1\"><span style=\"font-weight: 400;\">Que el tratamiento sea necesario para el cumplimiento de obligaciones y el ejercicio de derechos del responsable o encargado del tratamiento de datos personales, o del titular en el \u00e1mbito del derecho laboral y seguridad social.<\/span><\/li><\/ul><p><span style=\"font-weight: 400;\">No se proceder\u00e1 este derecho cuando se trata de informaci\u00f3n inferida, derivada, creada, generada u btenida a partir del an\u00e1lisis o tratamiento efectuado por el responsable del tratamiento de datos personales con base en los datos personales proporcionados por el titular. Como es el caso de los datos personales que hubieran sido sometidos a un proceso de personalizaci\u00f3n, recomendaci\u00f3n, categorizaci\u00f3n o creaci\u00f3n de perfiles.<\/span><\/p><p><span style=\"font-weight: 400;\">No proceden los derechos de rectificaci\u00f3n, actualizaci\u00f3n, eliminaci\u00f3n, oposici\u00f3n, anulaci\u00f3n y o portabilidad en los siguientes casos:<\/span><\/p><ol><li style=\"font-weight: 400;\" aria-level=\"1\"><span style=\"font-weight: 400;\">Si el solicitante no es el titular de los datos personales o su representante legal no se encuentra debidamente acreditado.<\/span><\/li><li style=\"font-weight: 400;\" aria-level=\"1\"><span style=\"font-weight: 400;\">\u00a0Para el cumplimiento de una obligaci\u00f3n legal o contractual.\u00a0<\/span><\/li><li style=\"font-weight: 400;\" aria-level=\"1\"><span style=\"font-weight: 400;\">\u00a0Para el cumplimiento de una orden judicial, resoluci\u00f3n o mandato motivado de autoridad competente.\u00a0<\/span><\/li><li style=\"font-weight: 400;\" aria-level=\"1\"><span style=\"font-weight: 400;\">Para la formulaci\u00f3n como ejercicio de defensa de reclamos.<\/span><\/li><li style=\"font-weight: 400;\" aria-level=\"1\"><span style=\"font-weight: 400;\">Cuando se pueda causar perjuicios a derechos de afectaci\u00f3n o intereses leg\u00edtimos de terceros.<\/span><\/li><li style=\"font-weight: 400;\" aria-level=\"1\"><span style=\"font-weight: 400;\">Cuando se pueda obstaculizar actuaciones judiciales o administrativas en curso debidamente notificadas.<\/span><\/li><li style=\"font-weight: 400;\" aria-level=\"1\"><span style=\"font-weight: 400;\">Para ejercer el derecho a la libertad de expresi\u00f3n y opini\u00f3n.<\/span><\/li><li style=\"font-weight: 400;\" aria-level=\"1\"><span style=\"font-weight: 400;\">Para proteger el inter\u00e9s vital del interesado de otra persona natural.<\/span><\/li><li style=\"font-weight: 400;\" aria-level=\"1\"><span style=\"font-weight: 400;\">En los casos que media el inter\u00e9s p\u00fablico.<\/span><\/li><\/ol><p><b>Derecho a la limitaci\u00f3n del tratamiento<\/b><span style=\"font-weight: 400;\">: El titular tendr\u00e1 derecho a que se use el m\u00ednimo de sus datos personales en el tratamiento efectuado por responsables encargados del tratamiento de datos personales, a que sus datos personales no se encuentran disponibles en internet u otros medios de comunicaci\u00f3n masiva, salvo que el acceso sea t\u00e9cnicamente controlable para brindar un conocimiento restringido a los titulares o a los autorizados por razones de inter\u00e9s p\u00fablico,\u00a0 a que el tratamiento de datos personales se l\u00edmite al per\u00edodo que media entre una solicitud de revisi\u00f3n de juridicidad, lealtad, transparencia, legitimidad como acceso,\u00a0 como eliminaci\u00f3n, rectificaci\u00f3n y actualizaci\u00f3n, oposici\u00f3n como anulaci\u00f3n, portabilidad, limitaci\u00f3n del tratamiento o, de no ser objeto de una decisi\u00f3n basada \u00fanicamente en valoraciones automatizadas, hasta su resoluci\u00f3n por el responsable o encargado del tratamiento de datos personales.<\/span><\/p><p><span style=\"font-weight: 400;\">El responsable del tratamiento de datos personales conservara \u00fanicamente los datos personales que sean necesarios para la formulaci\u00f3n y reclamo una vez cumplido el plazo o condici\u00f3n del tratamiento.<\/span><\/p><p><span style=\"font-weight: 400;\">Derecho a no ser objeto de una decisi\u00f3n basada \u00fanicamente en valoraciones automatizadas.<\/span><\/p><p><span style=\"font-weight: 400;\">El titular tiene derecho a no ser sometido a una decisi\u00f3n basada \u00fanicamente en valoraciones que sean producto de procesos automatizados, incluida la elaboraci\u00f3n de perfiles, que produzcan efectos jur\u00eddicos en el o que atenten contra sus derechos y libertades fundamentales, para lo cual podr\u00e1:<\/span><\/p><ol><li style=\"font-weight: 400;\" aria-level=\"1\"><span style=\"font-weight: 400;\">Solicitar una explicaci\u00f3n motivada sobre la decisi\u00f3n tomada por el responsable o encargado del tratamiento de datos personales.<\/span><\/li><li style=\"font-weight: 400;\" aria-level=\"1\"><span style=\"font-weight: 400;\">Presentar observaciones.<\/span><\/li><li style=\"font-weight: 400;\" aria-level=\"1\"><span style=\"font-weight: 400;\">Solicitar los criterios de valoraci\u00f3n sobre el programa automatizado y\/o<\/span><\/li><li style=\"font-weight: 400;\" aria-level=\"1\"><span style=\"font-weight: 400;\">Impugnar la decisi\u00f3n ante el responsable o encargado del tratamiento.<\/span><\/li><\/ol><p><span style=\"font-weight: 400;\">No se aplicar\u00e1 este derecho cuando:<\/span><\/p><ul><li style=\"font-weight: 400;\" aria-level=\"1\"><span style=\"font-weight: 400;\">Est\u00e1 autorizada por la normativa aplicable, orden judicial, resoluci\u00f3n o mandato motivado\u00a0 de autoridad p\u00fablica competente, para lo cual se deber\u00e1 establecer medidas adecuadas para salvaguardar los derechos fundamentales y libertades del titular.<\/span><\/li><li style=\"font-weight: 400;\" aria-level=\"1\"><span style=\"font-weight: 400;\">Se base en el consentimiento del titular.<\/span><\/li><\/ul><p><b>Derecho de consulta<\/b><span style=\"font-weight: 400;\">: Las personas tienen derecho a la consulta gratuita de sus datos personales.<\/span><\/p>\t\t\t\t\t\t<\/div>\n\t\t\t\t<\/div>\n\t\t\t\t<div class=\"elementor-element elementor-element-786d4c1 elementor-widget elementor-widget-text-editor\" data-id=\"786d4c1\" data-element_type=\"widget\" data-settings=\"{&quot;_ob_postman_use&quot;:&quot;no&quot;,&quot;_ob_widget_stalker_use&quot;:&quot;no&quot;}\" data-widget_type=\"text-editor.default\">\n\t\t\t\t<div class=\"elementor-widget-container\">\n\t\t\t\t\t\t\t<h2><b>V. FORMA DE RECOLECTAR LOS DATOS PERSONALES<\/b><\/h2><p><b>Forma de recolecci\u00f3n de los datos personales de los Usuarios\/Clientes:<\/b><\/p><p><span style=\"font-weight: 400;\">Brokkar podr\u00e1 conocer, recolectar, almacenar y administrar la informaci\u00f3n del titular de la informaci\u00f3n a trav\u00e9s de los siguientes medios:\u00a0<\/span><\/p><p><span style=\"font-weight: 400;\">La recolecci\u00f3n de datos personales de usuarios potenciales y usuarios de Brokkar, se realizar\u00e1 de las siguientes formas:<\/span><\/p><ul><li style=\"font-weight: 400;\" aria-level=\"1\"><span style=\"font-weight: 400;\">Mediante el almacenamiento autom\u00e1tico de los datos de los usuarios que acceden a la plataforma de Brokkar por el uso de cookies. Algunos de los datos que se pueden almacenar autom\u00e1ticamente son las URL, el navegador utilizado, direcci\u00f3n IP, entre otros.\u00a0<\/span><\/li><li style=\"font-weight: 400;\" aria-level=\"1\"><span style=\"font-weight: 400;\">Mediante el intercambio de correos electr\u00f3nicos.<\/span><\/li><li style=\"font-weight: 400;\" aria-level=\"1\"><span style=\"font-weight: 400;\">A trav\u00e9s del acceso a p\u00e1ginas Web de Brokkar.<\/span><\/li><li style=\"font-weight: 400;\" aria-level=\"1\"><span style=\"font-weight: 400;\">A trav\u00e9s del acceso a la aplicaci\u00f3n, creando el usuario y contrase\u00f1a.<\/span><\/li><li style=\"font-weight: 400;\" aria-level=\"1\"><span style=\"font-weight: 400;\">A trav\u00e9s de llamadas telef\u00f3nicas.<\/span><\/li><li style=\"font-weight: 400;\" aria-level=\"1\"><span style=\"font-weight: 400;\">Mediante las transmisi\u00f3n o transferencia por parte de aliados estrat\u00e9gicos.<\/span><\/li><\/ul><p><b>Forma de recolectar los datos de los trabajadores o candidatos:<\/b><\/p><p><span style=\"font-weight: 400;\">La recolecci\u00f3n de datos personales de empleados se realizar\u00e1 de las siguientes formas:<\/span><\/p><ul><li style=\"font-weight: 400;\" aria-level=\"1\"><span style=\"font-weight: 400;\">A trav\u00e9s de las hojas de vida acad\u00e9micas de los candidatos.<\/span><\/li><li style=\"font-weight: 400;\" aria-level=\"1\"><span style=\"font-weight: 400;\">A trav\u00e9s del contrato de trabajo o de prestaci\u00f3n de servicios.<\/span><\/li><li style=\"font-weight: 400;\" aria-level=\"1\"><span style=\"font-weight: 400;\">A trav\u00e9s de las hojas de vida acad\u00e9micas de los empleados.<\/span><\/li><li style=\"font-weight: 400;\" aria-level=\"1\"><span style=\"font-weight: 400;\">A trav\u00e9s del formato de ingreso a\u00a0Brokkar o formato de solicitud de empleo.<\/span><\/li><li style=\"font-weight: 400;\" aria-level=\"1\"><span style=\"font-weight: 400;\">Mediante el uso de listas de entrada de los empleados a las instalaciones de la empresa.<\/span><\/li><li style=\"font-weight: 400;\" aria-level=\"1\"><span style=\"font-weight: 400;\">En el desarrollo de entrevistas de trabajo.<\/span><\/li><li style=\"font-weight: 400;\" aria-level=\"1\"><span style=\"font-weight: 400;\">Mediante env\u00edo de informaci\u00f3n de empresas que tenga la calidad de cazatalentos y los titulares hayan suministrado los datos.<\/span><\/li><li style=\"font-weight: 400;\" aria-level=\"1\"><span style=\"font-weight: 400;\">Por medio de afiliaci\u00f3n a las plataformas web ofrecidas por Brokkar.<\/span><\/li><\/ul><p><b>Forma de recolectar los datos de los Comercios<\/b><\/p><ul><li style=\"font-weight: 400;\" aria-level=\"1\"><span style=\"font-weight: 400;\">A trav\u00e9s del acceso a p\u00e1ginas Web de la compa\u00f1\u00eda.<\/span><\/li><li style=\"font-weight: 400;\" aria-level=\"1\"><span style=\"font-weight: 400;\">A trav\u00e9s del acceso a la aplicaci\u00f3n, creando el usuario y contrase\u00f1a.<\/span><\/li><li style=\"font-weight: 400;\" aria-level=\"1\"><span style=\"font-weight: 400;\">A trav\u00e9s de formularios en f\u00edsico.<\/span><\/li><\/ul><p><b>Forma de recolecci\u00f3n de Proveedores<\/b><\/p><p><span style=\"font-weight: 400;\">La recolecci\u00f3n de datos personales de los proveedores se realizar\u00e1 de las siguientes formas:<\/span><\/p><ul><li style=\"font-weight: 400;\" aria-level=\"1\"><span style=\"font-weight: 400;\">A trav\u00e9s de ofertas de servicios.<\/span><\/li><li style=\"font-weight: 400;\" aria-level=\"1\"><span style=\"font-weight: 400;\">A trav\u00e9s del intercambio de correos electr\u00f3nicos.<\/span><\/li><li style=\"font-weight: 400;\" aria-level=\"1\"><span style=\"font-weight: 400;\">A trav\u00e9s del contrato de cooperaci\u00f3n.<\/span><\/li><li style=\"font-weight: 400;\" aria-level=\"1\"><span style=\"font-weight: 400;\">A trav\u00e9s del contrato de prestaci\u00f3n de servicios.<\/span><\/li><li style=\"font-weight: 400;\" aria-level=\"1\"><span style=\"font-weight: 400;\">A trav\u00e9s portafolios de servicios.<\/span><\/li><li style=\"font-weight: 400;\" aria-level=\"1\"><span style=\"font-weight: 400;\">A trav\u00e9s de reuniones o comunicaciones telef\u00f3nicas.<\/span><\/li><\/ul>\t\t\t\t\t\t<\/div>\n\t\t\t\t<\/div>\n\t\t\t\t<div class=\"elementor-element elementor-element-16cbbc1 elementor-widget elementor-widget-text-editor\" data-id=\"16cbbc1\" data-element_type=\"widget\" data-settings=\"{&quot;_ob_postman_use&quot;:&quot;no&quot;,&quot;_ob_widget_stalker_use&quot;:&quot;no&quot;}\" data-widget_type=\"text-editor.default\">\n\t\t\t\t<div class=\"elementor-widget-container\">\n\t\t\t\t\t\t\t<h2><b>VI. FINALIDADES DEL TRATAMIENTO DE LOS DATOS PERSONALES<\/b><\/h2><p><span style=\"font-weight: 400;\">Los Datos Personales que recolecta Brokkar son incluidos en una Base de Datos a la cual tiene acceso el personal autorizado de Brokkar. En ejercicio de sus funciones, advirtiendo que en ning\u00fan caso est\u00e1 autorizado el tratamiento de la informaci\u00f3n para fines diferentes a los aqu\u00ed descritos, y que le sean comunicados al titular directamente a m\u00e1s tardar al momento de la recolecci\u00f3n.<\/span><\/p><p><b>Finalidad de tratamiento de los datos personales de los Usuarios:<\/b><\/p><ul><li style=\"font-weight: 400;\" aria-level=\"1\"><span style=\"font-weight: 400;\">Recabar o recolectar los datos personales e incorporarlos y almacenarlos en nuestra base de datos.<\/span><\/li><li style=\"font-weight: 400;\" aria-level=\"1\"><span style=\"font-weight: 400;\">Ordenar, catalogar, clasificar, dividir o separar la informaci\u00f3n suministrada.\u00a0<\/span><\/li><li style=\"font-weight: 400;\" aria-level=\"1\"><span style=\"font-weight: 400;\">Utilizar los datos suministrados en campa\u00f1as de comunicaci\u00f3n, divulgaci\u00f3n y promoci\u00f3n u oferta de productos, actividades y\/o servicios desarrollados como parte de estrategias internas de la compa\u00f1\u00eda.\u00a0<\/span><\/li><li style=\"font-weight: 400;\" aria-level=\"1\"><span style=\"font-weight: 400;\">Conservar registros hist\u00f3ricos de la compa\u00f1\u00eda y mantener contacto con los titulares del dato.\u00a0<\/span><\/li><li style=\"font-weight: 400;\" aria-level=\"1\"><span style=\"font-weight: 400;\">Verificar, comprobar o validar los datos suministrados.\u00a0<\/span><\/li><li style=\"font-weight: 400;\" aria-level=\"1\"><span style=\"font-weight: 400;\">Estudiar y analizar la informaci\u00f3n entregada para el seguimiento y mejoramiento de los productos, el servicio y la atenci\u00f3n.\u00a0<\/span><\/li><li style=\"font-weight: 400;\" aria-level=\"1\"><span style=\"font-weight: 400;\">Entregar la informaci\u00f3n recolectada a terceros con los que la compa\u00f1\u00eda contrate el almacenamiento y administraci\u00f3n de los datos personales, bajo los est\u00e1ndares de seguridad y confidencialidad a los cuales Brokkar est\u00e1 obligada seg\u00fan lo contenido en las leyes pertinentes.\u00a0<\/span><\/li><li style=\"font-weight: 400;\" aria-level=\"1\"><span style=\"font-weight: 400;\">Transferir los datos personales a cualquier pa\u00eds o servidor en otro pa\u00eds siempre y cuando sea con el objetivo de cumplir los fines de Brokkar.<\/span><\/li><li style=\"font-weight: 400;\" aria-level=\"1\"><span style=\"font-weight: 400;\">Comunicar y permitir el acceso a los datos personales suministrados a terceros proveedores de servicios de apoyo general y a las personas naturales o jur\u00eddicas accionistas de Brokkar.<\/span><\/li><li style=\"font-weight: 400;\" aria-level=\"1\"><span style=\"font-weight: 400;\">Recabar, tener, manejar y utilizar la informaci\u00f3n para realizar control y prevenci\u00f3n del fraude, control y prevenci\u00f3n de lavado de activos y financiaci\u00f3n del terrorismo.<\/span><\/li><li style=\"font-weight: 400;\" aria-level=\"1\"><span style=\"font-weight: 400;\">Celebraci\u00f3n, ejecuci\u00f3n y gesti\u00f3n de las propuestas de negocios y contratos objeto de los servicios prestados.\u00a0<\/span><\/li><li style=\"font-weight: 400;\" aria-level=\"1\"><span style=\"font-weight: 400;\">Realizar de conformidad con la ley los reportes a centrales de riesgo por incumplimiento de las obligaciones financieras derivadas de la relaci\u00f3n comercial.\u00a0<\/span><\/li><li style=\"font-weight: 400;\" aria-level=\"1\"><span style=\"font-weight: 400;\">Env\u00edo de comunicaciones a trav\u00e9s de cualquier canal incluyendo, pero sin limitarse a, redes sociales, mensajes de texto, notificaciones push, correo electr\u00f3nico, llamada telef\u00f3nica, etc., relacionadas con el objeto social de Brokkar,\u00a0 tales como a actividades de mercadeo y\/o cualquier solicitud realizada por el titular a Brokkar, entre otros.<\/span><\/li><li style=\"font-weight: 400;\" aria-level=\"1\"><span style=\"font-weight: 400;\">Prestar los servicios ofrecidos y\/o contratados de forma adecuada y con una excelente calidad.\u00a0<\/span><\/li><li style=\"font-weight: 400;\" aria-level=\"1\"><span style=\"font-weight: 400;\">Creaci\u00f3n y administraci\u00f3n de la cuenta del usuario.<\/span><\/li><li style=\"font-weight: 400;\" aria-level=\"1\"><span style=\"font-weight: 400;\">Prestar el mantenimiento, desarrollo y\/o control de la relaci\u00f3n comercial entre el usuario y Brokkar.<\/span><\/li><li style=\"font-weight: 400;\" aria-level=\"1\"><span style=\"font-weight: 400;\">Proveer a los usuarios de la informaci\u00f3n necesaria, a trav\u00e9s de la p\u00e1gina Web y\/o plataforma de la empresa, sobre los productos de los oferentes, para formalizar la relaci\u00f3n de consumo de dichos productos.<\/span><\/li><li style=\"font-weight: 400;\" aria-level=\"1\"><span style=\"font-weight: 400;\">Realizar procesos al interior de la empresa, con fines de desarrollo operativo y\/o de administraci\u00f3n de sistemas.<\/span><\/li><li style=\"font-weight: 400;\" aria-level=\"1\"><span style=\"font-weight: 400;\">Prestar los servicios de la empresa y realizar el seguimiento de acuerdo con las necesidades particulares del usuario, con el fin de brindar los servicios y productos adecuados para cubrir sus necesidades espec\u00edficas.<\/span><\/li><li style=\"font-weight: 400;\" aria-level=\"1\"><span style=\"font-weight: 400;\">Llevar un registro hist\u00f3rico de la informaci\u00f3n con fines de satisfacci\u00f3n al usuario, desarrollando an\u00e1lisis sobre los intereses y necesidades; brindando de esta manera un mejor servicio.<\/span><\/li><li style=\"font-weight: 400;\" aria-level=\"1\"><span style=\"font-weight: 400;\">Realizar estrategias de mercado mediante el estudio del comportamiento del usuario frente a las ofertas y con ello mejorar en su contenido, personalizando presentaci\u00f3n y servicio.<\/span><\/li><li style=\"font-weight: 400;\" aria-level=\"1\"><span style=\"font-weight: 400;\">Elaboraci\u00f3n de prospecciones comerciales y segmentaci\u00f3n de mercados.<\/span><\/li><li style=\"font-weight: 400;\" aria-level=\"1\"><span style=\"font-weight: 400;\">Realizar encuestas de satisfacci\u00f3n y ofrecimiento o reconocimiento de beneficios propios de nuestro programa de lealtad y servicio postventa, para calificar el servicio y la atenci\u00f3n por medio de los canales dispuestos para ello.<\/span><\/li><li style=\"font-weight: 400;\" aria-level=\"1\"><span style=\"font-weight: 400;\">Adelantar las actividades necesarias para gestionar las solicitudes, quejas y reclamos de los usuarios de la empresa o tercero; y direccionarlos a las \u00e1reas responsables de emitir las respuestas correspondientes.<\/span><\/li><li style=\"font-weight: 400;\" aria-level=\"1\"><span style=\"font-weight: 400;\">Presentar reportes ante las autoridades de inspecci\u00f3n, vigilancia y control, y tramitar los requerimientos realizados por entidades administrativas o judiciales.<\/span><\/li><li style=\"font-weight: 400;\" aria-level=\"1\"><span style=\"font-weight: 400;\">Gesti\u00f3n contable, econ\u00f3mica, fiscal y administrativa de usuarios.<\/span><\/li><li style=\"font-weight: 400;\" aria-level=\"1\"><span style=\"font-weight: 400;\">Conservaci\u00f3n de la informaci\u00f3n por los t\u00e9rminos establecidos en la Ley.<\/span><\/li><li style=\"font-weight: 400;\" aria-level=\"1\"><span style=\"font-weight: 400;\">Transferencia o Transmisi\u00f3n de Datos Personales nacional o internacionalmente a terceros con los que Brokkar desarrolle actividades en cumplimiento de su objeto social. Asimismo, se podr\u00e1 hacer Transmisi\u00f3n o Transferencia a los aliados estrat\u00e9gicos de la empresa para que ejecuten actividades de marketing, publicidad y promociones asociadas con el objeto social; todo de acuerdo con las disposiciones de la normativa ecuatoriana.<\/span><\/li><li style=\"font-weight: 400;\" aria-level=\"1\"><span style=\"font-weight: 400;\">Remitir informaci\u00f3n a los Encargados del Tratamiento para facilitar y mejorar la calidad del servicio de Brokkar.<\/span><\/li><li style=\"font-weight: 400;\" aria-level=\"1\"><span style=\"font-weight: 400;\">Solicitar la autorizaci\u00f3n de cobro ante las entidades definidas y autorizadas para ello.<\/span><\/li><li style=\"font-weight: 400;\" aria-level=\"1\"><span style=\"font-weight: 400;\">Transferir y transmitir sus datos personales a terceros aliados comerciales de Brokkar que ofrecen sus productos y servicios en la Plataforma de Brokkar.<\/span><\/li><li style=\"font-weight: 400;\" aria-level=\"1\"><span style=\"font-weight: 400;\">Acceder y consultar sus datos personales en las centrales de informaci\u00f3n crediticia y financiera, recabar informaci\u00f3n relevante del comportamiento crediticio, y conservar, almacenar y usar los datos personales para env\u00edo de pauta comercial y publicitaria.Para contactarse en relaci\u00f3n con asuntos propios de la actividad comercial de Brokkar , se aclara que la presente finalidad corresponde a aquellos usuarios que acepten expresamente los servicios financieros ofrecidos.<\/span><\/li><\/ul><p><b>Finalidad de tratamiento de los datos de los trabajadores y colaboradores:<\/b><\/p><ul><li style=\"font-weight: 400;\" aria-level=\"1\"><span style=\"font-weight: 400;\">Adelantar auditor\u00edas y administrar los sistemas y bases de datos.\u00a0<\/span><\/li><li style=\"font-weight: 400;\" aria-level=\"1\"><span style=\"font-weight: 400;\">Contactar a los trabajadores y colaboradores para el env\u00edo de informaci\u00f3n referida a la relaci\u00f3n contractual y obligacional que tienen con Brokkar.<\/span><\/li><li style=\"font-weight: 400;\" aria-level=\"1\"><span style=\"font-weight: 400;\">Conocer, almacenar y procesar toda la informaci\u00f3n suministrada por los trabajadores y colaboradores en una o varias bases de datos, en el formato que estime m\u00e1s conveniente.\u00a0<\/span><\/li><li style=\"font-weight: 400;\" aria-level=\"1\"><span style=\"font-weight: 400;\">Desarrollo de programas de prevenci\u00f3n y promoci\u00f3n de la salud y seguridad en el trabajo con base en la informaci\u00f3n m\u00e9dica y de salud ocupacional desde el momento del ingreso, as\u00ed como durante la ejecuci\u00f3n y culminaci\u00f3n de las actividades asignadas.\u00a0<\/span><\/li><li style=\"font-weight: 400;\" aria-level=\"1\"><span style=\"font-weight: 400;\">Desarrollo de programas de formaci\u00f3n, capacitaci\u00f3n y entrenamiento seg\u00fan el cargo del trabajador y\/o colaborador.\u00a0\u00a0<\/span><\/li><li style=\"font-weight: 400;\" aria-level=\"1\"><span style=\"font-weight: 400;\">Ejecutar los contratos que se hayan celebrado con los trabajadores y colaboradores.\u00a0<\/span><\/li><li style=\"font-weight: 400;\" aria-level=\"1\"><span style=\"font-weight: 400;\">Gestionar, mantener, desarrollar y controlar la relaci\u00f3n contractual existente entre Brokkar y los trabajadores y colaboradores, atender sus solicitudes de informaci\u00f3n, as\u00ed como la gesti\u00f3n de sus reclamaciones, tr\u00e1mite de sus solicitudes de terminaci\u00f3n del contrato y\/o de revocaci\u00f3n de la autorizaci\u00f3n para el tratamiento de datos personales.\u00a0<\/span><\/li><li style=\"font-weight: 400;\" aria-level=\"1\"><span style=\"font-weight: 400;\">Gestionar las consultas realizadas por los trabajadores y colaboradores.\u00a0<\/span><\/li><li style=\"font-weight: 400;\" aria-level=\"1\"><span style=\"font-weight: 400;\">Gestionar informaci\u00f3n asociada a la eventual comisi\u00f3n de hechos o circunstancias que impliquen el desarrollo de procedimientos de control \u00e9tico o disciplinario de conformidad con las disposiciones del reglamento interno aplicable y dem\u00e1s disposiciones normativas aplicables.\u00a0<\/span><\/li><li style=\"font-weight: 400;\" aria-level=\"1\"><span style=\"font-weight: 400;\">La generaci\u00f3n de copias y archivos de seguridad de la informaci\u00f3n en los equipos proporcionados por Brokkar.<\/span><\/li><li style=\"font-weight: 400;\" aria-level=\"1\"><span style=\"font-weight: 400;\">Ordenar, catalogar, clasificar, dividir o separar la informaci\u00f3n suministrada por los trabajadores y colaboradores.\u00a0\u00a0<\/span><\/li><li style=\"font-weight: 400;\" aria-level=\"1\"><span style=\"font-weight: 400;\">Ofrecer programas de bienestar corporativo y planificar actividades empresariales, para los trabajadores y colaboradores y sus beneficiarios.\u00a0<\/span><\/li><li style=\"font-weight: 400;\" aria-level=\"1\"><span style=\"font-weight: 400;\">Para atender las exigencias legales y requerimientos de informaci\u00f3n de las autoridades administrativas, de la seguridad social y judicial que regulen, supervisen o vigilen las actividades y operaciones de Brokkar previo cumplimiento del debido proceso.\u00a0<\/span><\/li><li style=\"font-weight: 400;\" aria-level=\"1\"><span style=\"font-weight: 400;\">Para el cumplimiento del Reglamento Interno de Trabajo, as\u00ed como de las pol\u00edticas internas de Brokkar.<\/span><\/li><li style=\"font-weight: 400;\" aria-level=\"1\"><span style=\"font-weight: 400;\">Para verificar la informaci\u00f3n contenida en la hoja de vida suministrada a Brokkar.<\/span><\/li><li style=\"font-weight: 400;\" aria-level=\"1\"><span style=\"font-weight: 400;\">Prevenir el fraude o el uso inadecuado de la informaci\u00f3n, programas, instalaciones y\/o equipos a los que en virtud de la relaci\u00f3n laboral los trabajadores y\/o colaboradores tengan acceso.\u00a0<\/span><\/li><li style=\"font-weight: 400;\" aria-level=\"1\"><span style=\"font-weight: 400;\">Registrar la informaci\u00f3n del grupo familiar de los trabajadores y colaboradores de Brokkar para el cumplimiento de los deberes que la Ley se\u00f1ala, as\u00ed como para hacerlos part\u00edcipes de las actividades de bienestar o beneficios que provea Brokkar.<\/span><\/li><li style=\"font-weight: 400;\" aria-level=\"1\"><span style=\"font-weight: 400;\">Realizar un control de acceso a las instalaciones de Brokkar.<\/span><\/li><li style=\"font-weight: 400;\" aria-level=\"1\"><span style=\"font-weight: 400;\">Recolectar datos para el cumplimiento de los deberes que, como Responsable de la informaci\u00f3n y de los datos personales, le corresponden a Brokkar.<\/span><\/li><li style=\"font-weight: 400;\" aria-level=\"1\"><span style=\"font-weight: 400;\">Recolectar informaci\u00f3n depositadas en centrales de riesgo.\u00a0<\/span><\/li><li style=\"font-weight: 400;\" aria-level=\"1\"><span style=\"font-weight: 400;\">Satisfacer obligaciones legales, como las relacionadas con la prevenci\u00f3n de lavado de activos y financiaci\u00f3n del terrorismo.\u00a0<\/span><\/li><li style=\"font-weight: 400;\" aria-level=\"1\"><span style=\"font-weight: 400;\">Verificar, corroborar, comprobar, validar, investigar o comparar la informaci\u00f3n suministrada por los trabajadores y colaboradores, con cualquier informaci\u00f3n de que disponga leg\u00edtimamente.\u00a0<\/span><\/li><li style=\"font-weight: 400;\" aria-level=\"1\"><span style=\"font-weight: 400;\">Para la emisi\u00f3n de certificaciones laborales a solicitud de los trabajadores y colaboradores y\/o de cualquier autoridad competente.\u00a0<\/span><\/li><li style=\"font-weight: 400;\" aria-level=\"1\"><span style=\"font-weight: 400;\">Clasificar, almacenar y archivar los datos personales de los trabajadores y colaboradores.<\/span><\/li><li style=\"font-weight: 400;\" aria-level=\"1\"><span style=\"font-weight: 400;\">Conservaci\u00f3n de la informaci\u00f3n por los t\u00e9rminos establecidos en la Ley.<\/span><\/li><li style=\"font-weight: 400;\" aria-level=\"1\"><span style=\"font-weight: 400;\">Para informar a los clientes y proveedores de los equipos de trabajo en Brokkar.<\/span><\/li><li style=\"font-weight: 400;\" aria-level=\"1\"><span style=\"font-weight: 400;\">Verificar, comparar y evaluar las competencias laborales y personales de los trabajadores y colaboradores.<\/span><\/li><li style=\"font-weight: 400;\" aria-level=\"1\"><span style=\"font-weight: 400;\">Env\u00edo de ofertas de trabajo.\u00a0<\/span><\/li><li style=\"font-weight: 400;\" aria-level=\"1\"><span style=\"font-weight: 400;\">Env\u00edo de comunicaciones a trav\u00e9s de cualquier canal, con ocasi\u00f3n de actividades de mercadeo y asistencia contractual.<\/span><\/li><li style=\"font-weight: 400;\" aria-level=\"1\"><span style=\"font-weight: 400;\">Garantizar la seguridad de bienes y personas en entornos privados de Brokkar.<\/span><\/li><li style=\"font-weight: 400;\" aria-level=\"1\"><span style=\"font-weight: 400;\">Grabar y utilizar las grabaciones de c\u00e1maras del circuito cerrado de televisi\u00f3n o im\u00e1genes, para realizar investigaciones o sanciones de \u00edndole disciplinarias o penales seg\u00fan sea el caso.\u00a0<\/span><\/li><li style=\"font-weight: 400;\" aria-level=\"1\"><span style=\"font-weight: 400;\">Validaci\u00f3n de informaci\u00f3n de ingreso y egreso de las instalaciones f\u00edsicas de Brokkar.<\/span><\/li><li style=\"font-weight: 400;\" aria-level=\"1\"><span style=\"font-weight: 400;\">Establecimiento de un sistema de identificaci\u00f3n biom\u00e9trica en su esquema de seguridad.<\/span><\/li><\/ul><ul><li style=\"font-weight: 400;\" aria-level=\"1\"><span style=\"font-weight: 400;\">Transferencia y transmisi\u00f3n de datos nacional o internacionalmente de llegar a ser procedente, para los fines relacionados con la operaci\u00f3n de Brokkar, de acuerdo con las disposiciones de ley y garantizando siempre el cumplimiento de los requisitos establecidos en la normativa ecuatoriana.<\/span><\/li><li style=\"font-weight: 400;\" aria-level=\"1\"><span style=\"font-weight: 400;\">Acceder y consultar sus datos personales en las centrales de informaci\u00f3n crediticia y financiera, recabar informaci\u00f3n relevante del comportamiento crediticio, y conservar, almacenar y usar los datos personales para env\u00edo de pauta comercial y publicitaria.Para contactarse en relaci\u00f3n con asuntos propios de la actividad comercial de Brokkar , se aclara que la presente finalidad corresponde a aquellos usuarios que acepten expresamente los servicios financieros ofrecidos.<\/span><\/li><\/ul><p><b>Finalidad de tratamiento de los datos de los candidatos:<\/b><\/p><ul><li style=\"font-weight: 400;\" aria-level=\"1\"><span style=\"font-weight: 400;\">Clasificar, almacenar y archivar los datos personales de los candidatos de los procesos de selecci\u00f3n.\u00a0<\/span><\/li><li style=\"font-weight: 400;\" aria-level=\"1\"><span style=\"font-weight: 400;\">Verificar y obtener referencias de personas naturales y\/o jur\u00eddicas, suministradas por los candidatos en hojas de vida, formularios, entre otros.<\/span><\/li><li style=\"font-weight: 400;\" aria-level=\"1\"><span style=\"font-weight: 400;\">Entregar o transmitir la informaci\u00f3n a terceros encargados de los procesos de selecci\u00f3n.\u00a0<\/span><\/li><li style=\"font-weight: 400;\" aria-level=\"1\"><span style=\"font-weight: 400;\">Verificar, comparar y evaluar las competencias laborales y personales de los candidatos respecto de los criterios de selecci\u00f3n.\u00a0<\/span><\/li><li style=\"font-weight: 400;\" aria-level=\"1\"><span style=\"font-weight: 400;\">Cumplir con los deberes legales a los que est\u00e1 obligada la empresa.\u00a0\u00a0<\/span><\/li><li style=\"font-weight: 400;\" aria-level=\"1\"><span style=\"font-weight: 400;\">Env\u00edo de ofertas laborales.<\/span><\/li><li style=\"font-weight: 400;\" aria-level=\"1\"><span style=\"font-weight: 400;\">Env\u00edo de comunicaciones a trav\u00e9s de cualquier canal, con ocasi\u00f3n de actividades de mercadeo y asistencia pre-contractual.<\/span><\/li><li style=\"font-weight: 400;\" aria-level=\"1\"><span style=\"font-weight: 400;\">Garantizar la seguridad de bienes y personas en entornos privados de Brokkar.<\/span><\/li><li style=\"font-weight: 400;\" aria-level=\"1\"><span style=\"font-weight: 400;\">Grabar y utilizar las grabaciones de c\u00e1maras del circuito cerrado de televisi\u00f3n o im\u00e1genes, para realizar investigaciones o imponer sanciones de \u00edndole disciplinario y\/o penal seg\u00fan sea el caso.\u00a0<\/span><\/li><li style=\"font-weight: 400;\" aria-level=\"1\"><span style=\"font-weight: 400;\">Validaci\u00f3n de informaci\u00f3n de ingreso y egreso de las instalaciones f\u00edsicas.\u00a0<\/span><\/li><li style=\"font-weight: 400;\" aria-level=\"1\"><span style=\"font-weight: 400;\">Establecimiento de un sistema de identificaci\u00f3n biom\u00e9trica en su esquema de seguridad.<\/span><\/li><li style=\"font-weight: 400;\" aria-level=\"1\"><span style=\"font-weight: 400;\">Transferencia y transmisi\u00f3n de datos nacional o internacionalmente de llegar a ser procedente, para los fines relacionados con la operaci\u00f3n de Brokkar, de acuerdo con las disposiciones de la ley de protecci\u00f3n de datos.<\/span><\/li><li style=\"font-weight: 400;\" aria-level=\"1\"><span style=\"font-weight: 400;\">Acceder y consultar sus datos personales en las centrales de informaci\u00f3n crediticia y financiera, recabar informaci\u00f3n relevante del comportamiento crediticio, y conservar, almacenar y usar los datos personales para env\u00edo de pauta comercial y publicitaria.Para contactarse en relaci\u00f3n con asuntos propios de la actividad comercial de Brokkar , se aclara que la presente finalidad corresponde a aquellos usuarios que acepten expresamente los servicios financieros ofrecidos.<\/span><\/li><\/ul><p><b>Finalidad de tratamiento de los datos de los Comercios\u00a0<\/b><\/p><ul><li style=\"font-weight: 400;\" aria-level=\"1\"><span style=\"font-weight: 400;\">Llevar registro de entrada y salida del edificio de Brokkar.<\/span><\/li><li style=\"font-weight: 400;\" aria-level=\"1\"><span style=\"font-weight: 400;\">Realizar registros de gesti\u00f3n econ\u00f3mica, contable, fiscal y administrativa, para la gesti\u00f3n de cobros y pagos, de facturaci\u00f3n y de cumplimiento de obligaciones financieras.<\/span><\/li><li style=\"font-weight: 400;\" aria-level=\"1\"><span style=\"font-weight: 400;\">Adelantar procesos al interior de la empresa, con fines de desarrollo operativo y\/o de administraci\u00f3n de sistemas.<\/span><\/li><li style=\"font-weight: 400;\" aria-level=\"1\"><span style=\"font-weight: 400;\">Brindarle capacitaci\u00f3n permanente al Comercio sobre el uso de la plataforma dispuesta por Brokkar para uso de los Comercios.<\/span><\/li><li style=\"font-weight: 400;\" aria-level=\"1\"><span style=\"font-weight: 400;\">Llevar control del n\u00famero de Comercios existentes dentro de de la plataforma dispuesta por Brokkar para uso de los Comercios.<\/span><\/li><li style=\"font-weight: 400;\" aria-level=\"1\"><span style=\"font-weight: 400;\">Realizar gesti\u00f3n de estad\u00edsticas internas, con el fin de hacer seguimiento al servicio.<\/span><\/li><li style=\"font-weight: 400;\" aria-level=\"1\"><span style=\"font-weight: 400;\">Verificar y obtener referencias de personas naturales o jur\u00eddicas suministrados por los Comercios.<\/span><\/li><li style=\"font-weight: 400;\" aria-level=\"1\"><span style=\"font-weight: 400;\">Creaci\u00f3n de una cuenta en la plataforma dispuesta por Brokkar para uso de los Comercios.<\/span><\/li><li style=\"font-weight: 400;\" aria-level=\"1\"><span style=\"font-weight: 400;\">Recabar o recolectar los datos personales e incorporarlos y almacenarlos en nuestra base de datos.\u00a0<\/span><\/li><li style=\"font-weight: 400;\" aria-level=\"1\"><span style=\"font-weight: 400;\">Ordenar, catalogar, clasificar, dividir o separar la informaci\u00f3n suministrada.\u00a0<\/span><\/li><li style=\"font-weight: 400;\" aria-level=\"1\"><span style=\"font-weight: 400;\">Utilizar los datos suministrados en campa\u00f1as de comunicaci\u00f3n, divulgaci\u00f3n y promoci\u00f3n u oferta de productos, actividades o servicios desarrollados como parte de estrategias internas de Brokkar.<\/span><\/li><li style=\"font-weight: 400;\" aria-level=\"1\"><span style=\"font-weight: 400;\">Utilizarlos para fines administrativos internos o comerciales tales como: estudios de cr\u00e9dito, referencias comerciales de experiencia, investigaci\u00f3n de mercados, an\u00e1lisis estad\u00edsticos, realizaci\u00f3n de encuestas sobre satisfacci\u00f3n, ofrecimiento o reconocimiento de beneficios propios de nuestro programa de lealtad.<\/span><\/li><li style=\"font-weight: 400;\" aria-level=\"1\"><span style=\"font-weight: 400;\">Conservar registros hist\u00f3ricos de Brokkar y mantener contacto con los Comercios.<\/span><\/li><li style=\"font-weight: 400;\" aria-level=\"1\"><span style=\"font-weight: 400;\">Verificar, comprobar o validar los datos suministrados.<\/span><\/li><li style=\"font-weight: 400;\" aria-level=\"1\"><span style=\"font-weight: 400;\">Estudiar y analizar la informaci\u00f3n entregada para el seguimiento y mejoramiento de los productos, el servicio y la atenci\u00f3n.<\/span><\/li><li style=\"font-weight: 400;\" aria-level=\"1\"><span style=\"font-weight: 400;\">Entregar la informaci\u00f3n recolectada a terceros con los que Brokkar contrate el almacenamiento y administraci\u00f3n de los datos personales, bajo los est\u00e1ndares de seguridad y confidencialidad a los cuales Brokkar est\u00e1 obligada seg\u00fan lo contenido en las leyes pertinentes.<\/span><\/li><li style=\"font-weight: 400;\" aria-level=\"1\"><span style=\"font-weight: 400;\">Transmitir y\/o transferir los datos personales a terceros ubicados en cualquier pa\u00eds o servidor en otro pa\u00eds.<\/span><\/li><li style=\"font-weight: 400;\" aria-level=\"1\"><span style=\"font-weight: 400;\">Comunicar y permitir el acceso a los datos personales suministrados, a terceros proveedores de servicios de apoyo general y a las personas naturales o jur\u00eddicas accionistas de Brokkar.<\/span><\/li><li style=\"font-weight: 400;\" aria-level=\"1\"><span style=\"font-weight: 400;\">Recabar, tener, manejar y utilizar la informaci\u00f3n para realizar control y prevenci\u00f3n del fraude, control y prevenci\u00f3n de lavado de activos y financiaci\u00f3n del terrorismo.<\/span><\/li><li style=\"font-weight: 400;\" aria-level=\"1\"><span style=\"font-weight: 400;\">Env\u00edo de comunicaciones a trav\u00e9s de cualquier canal incluyendo pero sin limitarse a, redes sociales, mensajes de texto, notificaciones push, correo electr\u00f3nico, llamada telef\u00f3nica, etc., relacionadas con el objeto social de Brokkar tales como a actividades de mercadeo y\/o cualquier solicitud realizada por el titular a Brokkar, entre otros.\u00a0<\/span><\/li><li style=\"font-weight: 400;\" aria-level=\"1\"><span style=\"font-weight: 400;\">Transferencia y transmisi\u00f3n de datos nacional o internacionalmente de llegar a ser procedente, para los fines relacionados con la operaci\u00f3n de Brokkar de acuerdo con las disposiciones de ley de protecci\u00f3n de datos\u00a0 y garantizando siempre el cumplimiento de los requisitos establecidos en la normativa ecuatoriana.<\/span><\/li><li style=\"font-weight: 400;\" aria-level=\"1\"><span style=\"font-weight: 400;\">Para que sus usuarios puedan aceptar y tramitar las \u00f3rdenes m\u00e1s cercanas a su ubicaci\u00f3n, la Aplicaci\u00f3n Brokkar recoger\u00e1 datos de su localizaci\u00f3n, a\u00fan cuando la Aplicaci\u00f3n se encuentre cerrada o no est\u00e9 en uso.\u00a0<\/span><\/li><li style=\"font-weight: 400;\" aria-level=\"1\"><span style=\"font-weight: 400;\">La app Brokkar recoge y almacena el n\u00famero telef\u00f3nico del usuario el cual es almacenado en nuestra base de datos usando m\u00e9todos de encriptaci\u00f3n para garantizar la protecci\u00f3n de la informaci\u00f3n personal del usuario. La data recolectada se utiliza para identificar posibles comportamientos at\u00edpicos dentro de la aplicaci\u00f3n y no es compartida ni transferida a terceros.<\/span><\/li><li style=\"font-weight: 400;\" aria-level=\"1\"><span style=\"font-weight: 400;\">Acceder y consultar sus datos personales en las centrales de informaci\u00f3n crediticia y financiera, recabar informaci\u00f3n relevante del comportamiento crediticio, y conservar, almacenar y usar los datos personales para env\u00edo de pauta comercial y publicitaria.Para contactarse en relaci\u00f3n con asuntos propios de la actividad comercial de Brokkar , se aclara que la presente finalidad corresponde a aquellos usuarios que acepten expresamente los servicios financieros ofrecidos.<\/span><\/li><\/ul><p><b>Finalidad del tratamiento de los datos personales de Proveedores<\/b><\/p><p><span style=\"font-weight: 400;\">La recolecci\u00f3n y tratamiento de los datos personales de los proveedores se har\u00e1, con el fin de contactar y contratar los productos o servicios que, Brokkar requiera para el normal funcionamiento de su operaci\u00f3n, de igual forma tendr\u00e1 las siguientes finalidades:<\/span><\/p><ul><li style=\"font-weight: 400;\" aria-level=\"1\"><span style=\"font-weight: 400;\">Recabar o recolectar los datos personales e incorporarlos y almacenarlos en la base de datos de Brokkar.<\/span><\/li><li style=\"font-weight: 400;\" aria-level=\"1\"><span style=\"font-weight: 400;\">Solicitar o realizar consultor\u00edas, auditor\u00edas, asesor\u00edas o servicios relacionados con los proveedores.<\/span><\/li><li style=\"font-weight: 400;\" aria-level=\"1\"><span style=\"font-weight: 400;\">Cumplir con los procesos internos de la empresa en materia de administraci\u00f3n de proveedores y contratistas.<\/span><\/li><li style=\"font-weight: 400;\" aria-level=\"1\"><span style=\"font-weight: 400;\">Adelantar procesos al interior de la empresa, con fines de desarrollo operativo y\/o de administraci\u00f3n de sistemas.<\/span><\/li><li style=\"font-weight: 400;\" aria-level=\"1\"><span style=\"font-weight: 400;\">Realizar declaraciones tributarias o gesti\u00f3n de informaci\u00f3n tributaria y de recaudo.<\/span><\/li><li style=\"font-weight: 400;\" aria-level=\"1\"><span style=\"font-weight: 400;\">Mantener un registro de la informaci\u00f3n de proveedores.\u00a0<\/span><\/li><li style=\"font-weight: 400;\" aria-level=\"1\"><span style=\"font-weight: 400;\">Realizar reportes ante las autoridades de inspecci\u00f3n, vigilancia y control y\/o responder a los requerimientos de entidades administrativas.<\/span><\/li><li style=\"font-weight: 400;\" aria-level=\"1\"><span style=\"font-weight: 400;\">Realizar el registro y control de entrada y salida de las instalaciones de Brokkar .<\/span><\/li><li style=\"font-weight: 400;\" aria-level=\"1\"><span style=\"font-weight: 400;\">Verificar la informaci\u00f3n aportada por los proveedores, para controlar y prevenir el fraude.<\/span><\/li><li style=\"font-weight: 400;\" aria-level=\"1\"><span style=\"font-weight: 400;\">Gestionar procedimientos administrativos para desarrollar cualquier otra actividad en cumplimiento de la relaci\u00f3n entre proveedores y Brokkar.<\/span><\/li><li style=\"font-weight: 400;\" aria-level=\"1\"><span style=\"font-weight: 400;\">Conservaci\u00f3n de la informaci\u00f3n por los t\u00e9rminos establecidos en la Ley.<\/span><\/li><li style=\"font-weight: 400;\" aria-level=\"1\"><span style=\"font-weight: 400;\">Transferencia o transmisi\u00f3n de datos nacional o internacionalmente de llegar a ser procedente, para los fines relacionados con la operaci\u00f3n de Brokkar de acuerdo con las disposiciones de ley y garantizando siempre el cumplimiento de los requisitos establecidos en la normativa ecuatoriana.<\/span><\/li><li style=\"font-weight: 400;\" aria-level=\"1\"><span style=\"font-weight: 400;\">Ordenar, catalogar, clasificar, dividir o separar la informaci\u00f3n suministrada.\u00a0<\/span><\/li><li style=\"font-weight: 400;\" aria-level=\"1\"><span style=\"font-weight: 400;\">Utilizar los datos suministrados en campa\u00f1as de comunicaci\u00f3n, divulgaci\u00f3n, promoci\u00f3n u oferta de productos, actividades o servicios desarrollados como parte de estrategias internas de Brokkar.<\/span><\/li><li style=\"font-weight: 400;\" aria-level=\"1\"><span style=\"font-weight: 400;\">Utilizar los datos para fines administrativos internos o comerciales tales como: estudios de cr\u00e9dito, elaboraci\u00f3n y presentaci\u00f3n de cotizaciones, facturas, referencias comerciales de experiencia, investigaci\u00f3n de mercados, an\u00e1lisis estad\u00edsticos, realizaci\u00f3n de encuestas sobre satisfacci\u00f3n.<\/span><\/li><li style=\"font-weight: 400;\" aria-level=\"1\"><span style=\"font-weight: 400;\">Mantener contacto con los proveedores.<\/span><\/li><li style=\"font-weight: 400;\" aria-level=\"1\"><span style=\"font-weight: 400;\">Verificar, comprobar o validar los datos suministrados.<\/span><\/li><li style=\"font-weight: 400;\" aria-level=\"1\"><span style=\"font-weight: 400;\">Estudiar y analizar la informaci\u00f3n entregada para el seguimiento y mejoramiento del servicio y la atenci\u00f3n.<\/span><\/li><li style=\"font-weight: 400;\" aria-level=\"1\"><span style=\"font-weight: 400;\">Recabar, tener, manejar y utilizar la informaci\u00f3n recibida para realizar la vinculaci\u00f3n como proveedor.<\/span><\/li><li style=\"font-weight: 400;\" aria-level=\"1\"><span style=\"font-weight: 400;\">Recabar, tener, manejar y utilizar la informaci\u00f3n recibida para realizar control y prevenci\u00f3n de fraude, control y prevenci\u00f3n de lavado de activos y financiaci\u00f3n del terrorismo.<\/span><\/li><li style=\"font-weight: 400;\" aria-level=\"1\"><span style=\"font-weight: 400;\">Celebraci\u00f3n, ejecuci\u00f3n y gesti\u00f3n de las propuestas de negocios y contratos objeto de los servicios prestados.<\/span><\/li><li style=\"font-weight: 400;\" aria-level=\"1\"><span style=\"font-weight: 400;\">Realizar de conformidad con la ley los reportes a centrales de riesgo por incumplimiento de las obligaciones financieras derivadas de la relaci\u00f3n comercial.\u00a0<\/span><\/li><li style=\"font-weight: 400;\" aria-level=\"1\"><span style=\"font-weight: 400;\">Realizar operaciones y gestiones relacionadas con la generaci\u00f3n y pago de facturas, emisi\u00f3n de certificaciones, contabilidad, etc.<\/span><\/li><li style=\"font-weight: 400;\" aria-level=\"1\"><span style=\"font-weight: 400;\">Cumplimiento de deberes y obligaciones legales.\u00a0<\/span><\/li><li style=\"font-weight: 400;\" aria-level=\"1\"><span style=\"font-weight: 400;\">Env\u00edo de comunicaciones a trav\u00e9s de cualquier canal relacionadas con el objeto social de Brokkar, incluyendo, pero sin limitarse a actividades de mercadeo y\/o cualquier solicitud realizada por el titular a Brokkar.<\/span><\/li><li style=\"font-weight: 400;\" aria-level=\"1\"><span style=\"font-weight: 400;\">Todos los dem\u00e1s usos administrativos y comerciales que se establezcan en los contratos o que deriven de su actividad.<\/span><\/li><li style=\"font-weight: 400;\" aria-level=\"1\"><span style=\"font-weight: 400;\">Acceder y consultar sus datos personales en las centrales de informaci\u00f3n crediticia y financiera, recabar informaci\u00f3n relevante del comportamiento crediticio, y conservar, almacenar y usar los datos personales para env\u00edo de pauta comercial y publicitaria.Para contactarse en relaci\u00f3n con asuntos propios de la actividad comercial de Brokkar , se aclara que la presente finalidad corresponde a aquellos usuarios que acepten expresamente los servicios financieros ofrecidos.<\/span><\/li><\/ul>\t\t\t\t\t\t<\/div>\n\t\t\t\t<\/div>\n\t\t\t\t<div class=\"elementor-element elementor-element-db1728f elementor-widget elementor-widget-text-editor\" data-id=\"db1728f\" data-element_type=\"widget\" data-settings=\"{&quot;_ob_postman_use&quot;:&quot;no&quot;,&quot;_ob_widget_stalker_use&quot;:&quot;no&quot;}\" data-widget_type=\"text-editor.default\">\n\t\t\t\t<div class=\"elementor-widget-container\">\n\t\t\t\t\t\t\t<h2><b>VII. AUTORIZACI\u00d3N Y CONSENTIMIENTO DEL TITULAR<\/b><\/h2><p><span style=\"font-weight: 400;\">El consentimiento y autorizaci\u00f3n por parte del titular de la informaci\u00f3n es un requisito constitucional y legal que deben cumplir las personas responsables del tratamiento de datos personales. En ese sentido, el titular de los datos personales libre y voluntariamente reconoce que su consentimiento reuni\u00f3 los siguientes presupuestos:<\/span><\/p><p><b>Libre:<\/b><span style=\"font-weight: 400;\"> En raz\u00f3n de la forma de recabar datos personales, el titular declara expresamente que su voluntad para aceptar la presente Pol\u00edtica de Protecci\u00f3n y Tratamiento se encuentra libre de vicios del consentimiento.\u00a0<\/span><\/p><p><b>Previo:<\/b><span style=\"font-weight: 400;\"> La autorizaci\u00f3n la debe dar el titular de informaci\u00f3n de manera previa a cualquier tipo de tratamiento de datos personales.<\/span><\/p><p><b>Expreso:<\/b><span style=\"font-weight: 400;\"> La autorizaci\u00f3n debe otorgarse de forma inequ\u00edvoca, clara y espec\u00edfica.<\/span><\/p><p><b>Informado<\/b><span style=\"font-weight: 400;\">: El titular debe comprender claramente para qu\u00e9 ser\u00e1n tratados sus datos personales y las finalidades que pueden derivarse del tratamiento de estos.<\/span><\/p><p><b>Transparencia:<\/b><span style=\"font-weight: 400;\"> De conformidad con lo expuesto el titular ratifica la transparencia del tratamientos de datos por parte de Brokkar.<\/span><\/p><p><span style=\"font-weight: 400;\">Todos los visitantes de las Plataformas de Brokkar autorizan el tratamiento de los datos personales para poder hacer uso de los servicios ofrecidos. Por tanto, al aceptar la casilla: \u201cPol\u00edtica de Protecci\u00f3n y Tratamiento de Datos Personales\u201d, el titular libre y voluntariamente acepta la presenta Pol\u00edtica de Privacidad y Tratamiento de Datos Personales en su totalidad.<\/span><\/p>\t\t\t\t\t\t<\/div>\n\t\t\t\t<\/div>\n\t\t\t\t<div class=\"elementor-element elementor-element-c0ef703 elementor-widget elementor-widget-text-editor\" data-id=\"c0ef703\" data-element_type=\"widget\" data-settings=\"{&quot;_ob_postman_use&quot;:&quot;no&quot;,&quot;_ob_widget_stalker_use&quot;:&quot;no&quot;}\" data-widget_type=\"text-editor.default\">\n\t\t\t\t<div class=\"elementor-widget-container\">\n\t\t\t\t\t\t\t<h2><b>VIII. CANALES DE ACCESO Y MECANISMOS DISPUESTOS POR BROKKAR<\/b><\/h2><p><span style=\"font-weight: 400;\">En desarrollo de la garant\u00eda constitucional de Habeas Data respecto de los derechos de acceso, actualizaci\u00f3n, rectificaci\u00f3n y supresi\u00f3n por parte del titular de los datos personales, representantes legales y\/o apoderados, Brokkar habilitar\u00e1 canales de acceso para los Titulares.<\/span><\/p><p><span style=\"font-weight: 400;\">Todas las comunicaciones, consultas, quejas y\/o reclamos deber\u00e1n ser dirigidas al \u00c1REA DE SERVICIO AL CLIENTE de Brokkar por cualquiera de los siguientes medios:<\/span><\/p><ul><li style=\"font-weight: 400;\" aria-level=\"1\"><b>Atenci\u00f3n electr\u00f3nica<\/b><span style=\"font-weight: 400;\">: El titular del dato podr\u00e1 realizar la solicitud a trav\u00e9s del Centro de Ayuda disponible en la plataforma Brokkar.\u00a0<\/span><\/li><li style=\"font-weight: 400;\" aria-level=\"1\"><b>Atenci\u00f3n escrita<\/b><span style=\"font-weight: 400;\">: El titular del dato deber\u00e1 realizar su requerimiento formal en la direcci\u00f3n Calle Esmeraldas y Tungurahua ciudad de Cuenca provincia del Azuay (Frente al parque La Gloria), acreditando de forma previa y suficiente su identidad.<\/span><\/li><li style=\"font-weight: 400;\" aria-level=\"1\"><b>Correo electr\u00f3nico<\/b><span style=\"font-weight: 400;\">: info@aprueva.com. Se aclara que este correo electr\u00f3nico no es un canal de comunicaci\u00f3n id\u00f3neo para interponer solicitudes de consulta, actualizaci\u00f3n, modificaci\u00f3n y\/o supresi\u00f3n de Datos Personales.\u00a0<\/span><\/li><li style=\"font-weight: 400;\" aria-level=\"1\"><b>Tel\u00e9fono:<\/b><span style=\"font-weight: 400;\"> 593 99 980 9249<\/span><\/li><\/ul>\t\t\t\t\t\t<\/div>\n\t\t\t\t<\/div>\n\t\t\t\t<div class=\"elementor-element elementor-element-e642799 elementor-widget elementor-widget-text-editor\" data-id=\"e642799\" data-element_type=\"widget\" data-settings=\"{&quot;_ob_postman_use&quot;:&quot;no&quot;,&quot;_ob_widget_stalker_use&quot;:&quot;no&quot;}\" data-widget_type=\"text-editor.default\">\n\t\t\t\t<div class=\"elementor-widget-container\">\n\t\t\t\t\t\t\t<h2><b>IX. PROCEDIMIENTO LEGAL PARA CONSULTAS QUEJAS Y RECLAMOS<br \/><\/b><\/h2><p><span style=\"font-weight: 400;\">Las consultas, quejas o reclamos podr\u00e1n ser presentados a trav\u00e9s de un documento con las caracter\u00edsticas que se describen en cada uno de los supuestos o mediante el formulario de consultas quejas y reclamos que encontrar\u00e1n en la opci\u00f3n Centro de Ayuda en la plataforma de Brokkar.<\/span><\/p><p><b>Consultas<\/b><\/p><p><span style=\"font-weight: 400;\">Trat\u00e1ndose del derecho de petici\u00f3n en calidad de informaci\u00f3n y\/o consultas, Brokkar dar\u00e1 respuesta en un t\u00e9rmino m\u00e1ximo de diez (10) d\u00edas h\u00e1biles contados a partir del d\u00eda siguiente a la fecha de recepci\u00f3n de la petici\u00f3n o consulta.<\/span><\/p><p><span style=\"font-weight: 400;\">Cuando no fuere posible atender la consulta dentro de dicho t\u00e9rmino se informar\u00e1 al interesado, indicando los motivos de la demora y se\u00f1alando la fecha en que esta se atender\u00e1, la cual en ning\u00fan caso podr\u00e1 superar cinco (5) d\u00edas h\u00e1biles siguientes al vencimiento del primer t\u00e9rmino. El documento de consulta deber\u00e1 contener lo siguiente:<\/span><\/p><ol><li style=\"font-weight: 400;\" aria-level=\"1\"><span style=\"font-weight: 400;\">\u00c1rea de Brokkar a la cual va dirigida (Servicio al Cliente).<\/span><\/li><li style=\"font-weight: 400;\" aria-level=\"1\"><span style=\"font-weight: 400;\">El nombre y n\u00famero de identificaci\u00f3n del Titular.<\/span><\/li><li style=\"font-weight: 400;\" aria-level=\"1\"><span style=\"font-weight: 400;\">Copia documento de identidad del titular.<\/span><\/li><li style=\"font-weight: 400;\" aria-level=\"1\"><span style=\"font-weight: 400;\">Descripci\u00f3n completa de la consulta.<\/span><\/li><li style=\"font-weight: 400;\" aria-level=\"1\"><span style=\"font-weight: 400;\">Direcci\u00f3n y datos de contacto del consultante.<\/span><\/li><\/ol><p><span style=\"font-weight: 400;\">En el caso de que la consulta la realice el representante legal o apoderado del titular de la informaci\u00f3n, el documento deber\u00e1 contener los siguientes elementos:<\/span><\/p><ol><li style=\"font-weight: 400;\" aria-level=\"1\"><span style=\"font-weight: 400;\">\u00c1rea de Brokkar a la cual va dirigida (Servicio al Cliente)<\/span><\/li><li style=\"font-weight: 400;\" aria-level=\"1\"><span style=\"font-weight: 400;\">El nombre y n\u00famero de identificaci\u00f3n del Titular.<\/span><\/li><li style=\"font-weight: 400;\" aria-level=\"1\"><span style=\"font-weight: 400;\">Copia Documento de identidad del representante legal.<\/span><\/li><li style=\"font-weight: 400;\" aria-level=\"1\"><span style=\"font-weight: 400;\">Documento que acredite la calidad en la que obra (poder, certificaci\u00f3n).<\/span><\/li><li style=\"font-weight: 400;\" aria-level=\"1\"><span style=\"font-weight: 400;\">Copia documento de identidad del Titular.<\/span><\/li><li style=\"font-weight: 400;\" aria-level=\"1\"><span style=\"font-weight: 400;\">En caso de que el apoderado sea menor de edad, deber\u00e1 presentar la tarjeta de identidad y\/o el registro civil y el documento que acredite la calidad de representante o custodio del menor.<\/span><\/li><li style=\"font-weight: 400;\" aria-level=\"1\"><span style=\"font-weight: 400;\">Descripci\u00f3n completa de la consulta.<\/span><\/li><li style=\"font-weight: 400;\" aria-level=\"1\"><span style=\"font-weight: 400;\">Direcci\u00f3n y datos de contacto del consultante.<\/span><\/li><\/ol><p><b>Quejas y\/o reclamos<\/b><\/p><p><span style=\"font-weight: 400;\">Cuando el titular considere que su informaci\u00f3n debe ser objeto de correcci\u00f3n, actualizaci\u00f3n o supresi\u00f3n o cuando advierta un presunto incumplimiento de cualquiera de sus derechos, el t\u00e9rmino m\u00e1ximo para atender la queja o reclamo ser\u00e1 de quince (15) d\u00edas h\u00e1biles contados a partir del d\u00eda siguiente a la fecha de recepci\u00f3n del documento.\u00a0<\/span><\/p><p><span style=\"font-weight: 400;\">Cuando no fuere posible atender el reclamo dentro de dicho t\u00e9rmino, se informar\u00e1 al interesado los motivos de la demora y la fecha en que ser\u00e1 atendido, la cual en ning\u00fan caso podr\u00e1 superar los ocho (8) d\u00edas h\u00e1biles siguientes al vencimiento del primer t\u00e9rmino. Si el reclamo resulta incompleto, se requerir\u00e1 al interesado dentro de los cinco (5) d\u00edas siguientes a la recepci\u00f3n de la queja y\/o reclamo para que subsane las fallas. Transcurridos dos (2) meses desde la fecha del requerimiento sin que el solicitante presente la informaci\u00f3n requerida, se entender\u00e1 desistida la queja o reclamo. El documento de queja o reclamo deber\u00e1 contener:<\/span><\/p><ol><li style=\"font-weight: 400;\" aria-level=\"1\"><span style=\"font-weight: 400;\">\u00c1rea de Brokkar a la cual va dirigida (Servicio al cliente).<\/span><\/li><li style=\"font-weight: 400;\" aria-level=\"1\"><span style=\"font-weight: 400;\">El nombre y n\u00famero de identificaci\u00f3n del titular.<\/span><\/li><li style=\"font-weight: 400;\" aria-level=\"1\"><span style=\"font-weight: 400;\">Copia documento de identidad del titular.<\/span><\/li><li style=\"font-weight: 400;\" aria-level=\"1\"><span style=\"font-weight: 400;\">Descripci\u00f3n de los hechos que dan lugar al reclamo y\/o queja.<\/span><\/li><li style=\"font-weight: 400;\" aria-level=\"1\"><span style=\"font-weight: 400;\">El objeto perseguido.<\/span><\/li><li style=\"font-weight: 400;\" aria-level=\"1\"><span style=\"font-weight: 400;\">Direcci\u00f3n y datos de contacto del reclamante.<\/span><\/li><\/ol><p><span style=\"font-weight: 400;\">Si se trata de un representante legal y\/o apoderado:<\/span><\/p><ol><li style=\"font-weight: 400;\" aria-level=\"1\"><span style=\"font-weight: 400;\">\u00c1rea de Brokkar a la cual va dirigida (Servicio al Cliente).<\/span><\/li><li style=\"font-weight: 400;\" aria-level=\"1\"><span style=\"font-weight: 400;\">El nombre y n\u00famero de identificaci\u00f3n del Titular.<\/span><\/li><li style=\"font-weight: 400;\" aria-level=\"1\"><span style=\"font-weight: 400;\">Copia documento de identidad del titular.<\/span><\/li><li style=\"font-weight: 400;\" aria-level=\"1\"><span style=\"font-weight: 400;\">Copia Documento de identidad del representante legal.<\/span><\/li><li style=\"font-weight: 400;\" aria-level=\"1\"><span style=\"font-weight: 400;\">Documento que acredite la calidad en la que obra (poder, certificaci\u00f3n).<\/span><\/li><li style=\"font-weight: 400;\" aria-level=\"1\"><span style=\"font-weight: 400;\">En caso de que el apoderado sea menor de edad, deber\u00e1 presentar la tarjeta de identidad y\/o el registro civil y el documento que acredite la calidad de representante o custodio del menor.<\/span><\/li><li style=\"font-weight: 400;\" aria-level=\"1\"><span style=\"font-weight: 400;\">Descripci\u00f3n de los hechos que dan lugar al reclamo y\/o queja.<\/span><\/li><li style=\"font-weight: 400;\" aria-level=\"1\"><span style=\"font-weight: 400;\">El objeto perseguido.<\/span><\/li><li style=\"font-weight: 400;\" aria-level=\"1\"><span style=\"font-weight: 400;\">Direcci\u00f3n y datos de contacto del reclamante.<\/span><p><span style=\"font-weight: 400;\">Las consultas, quejas o reclamos podr\u00e1n ser presentados a trav\u00e9s de un documento con las caracter\u00edsticas que se describen en cada uno de los supuestos o mediante el formulario de consultas quejas y reclamos que encontrar\u00e1n en la opci\u00f3n Centro de Ayuda en la plataforma de Brokkar.<\/span><\/p><p><b>Consultas<\/b><\/p><p><span style=\"font-weight: 400;\">Trat\u00e1ndose del derecho de petici\u00f3n en calidad de informaci\u00f3n y\/o consultas, Brokkar dar\u00e1 respuesta en un t\u00e9rmino m\u00e1ximo de diez (10) d\u00edas h\u00e1biles contados a partir del d\u00eda siguiente a la fecha de recepci\u00f3n de la petici\u00f3n o consulta.<\/span><\/p><p><span style=\"font-weight: 400;\">Cuando no fuere posible atender la consulta dentro de dicho t\u00e9rmino se informar\u00e1 al interesado, indicando los motivos de la demora y se\u00f1alando la fecha en que esta se atender\u00e1, la cual en ning\u00fan caso podr\u00e1 superar cinco (5) d\u00edas h\u00e1biles siguientes al vencimiento del primer t\u00e9rmino. El documento de consulta deber\u00e1 contener lo siguiente:<\/span><\/p><ol><li style=\"font-weight: 400;\" aria-level=\"1\"><span style=\"font-weight: 400;\">\u00c1rea de Brokkar a la cual va dirigida (Servicio al Cliente).<\/span><\/li><li style=\"font-weight: 400;\" aria-level=\"1\"><span style=\"font-weight: 400;\">El nombre y n\u00famero de identificaci\u00f3n del Titular.<\/span><\/li><li style=\"font-weight: 400;\" aria-level=\"1\"><span style=\"font-weight: 400;\">Copia documento de identidad del titular.<\/span><\/li><li style=\"font-weight: 400;\" aria-level=\"1\"><span style=\"font-weight: 400;\">Descripci\u00f3n completa de la consulta.<\/span><\/li><li style=\"font-weight: 400;\" aria-level=\"1\"><span style=\"font-weight: 400;\">Direcci\u00f3n y datos de contacto del consultante.<\/span><\/li><\/ol><p><span style=\"font-weight: 400;\">En el caso de que la consulta la realice el representante legal o apoderado del titular de la informaci\u00f3n, el documento deber\u00e1 contener los siguientes elementos:<\/span><\/p><ol><li style=\"font-weight: 400;\" aria-level=\"1\"><span style=\"font-weight: 400;\">\u00c1rea de Brokkar a la cual va dirigida (Servicio al Cliente)<\/span><\/li><li style=\"font-weight: 400;\" aria-level=\"1\"><span style=\"font-weight: 400;\">El nombre y n\u00famero de identificaci\u00f3n del Titular.<\/span><\/li><li style=\"font-weight: 400;\" aria-level=\"1\"><span style=\"font-weight: 400;\">Copia Documento de identidad del representante legal.<\/span><\/li><li style=\"font-weight: 400;\" aria-level=\"1\"><span style=\"font-weight: 400;\">Documento que acredite la calidad en la que obra (poder, certificaci\u00f3n).<\/span><\/li><li style=\"font-weight: 400;\" aria-level=\"1\"><span style=\"font-weight: 400;\">Copia documento de identidad del Titular.<\/span><\/li><li style=\"font-weight: 400;\" aria-level=\"1\"><span style=\"font-weight: 400;\">En caso de que el apoderado sea menor de edad, deber\u00e1 presentar la tarjeta de identidad y\/o el registro civil y el documento que acredite la calidad de representante o custodio del menor.<\/span><\/li><li style=\"font-weight: 400;\" aria-level=\"1\"><span style=\"font-weight: 400;\">Descripci\u00f3n completa de la consulta.<\/span><\/li><li style=\"font-weight: 400;\" aria-level=\"1\"><span style=\"font-weight: 400;\">Direcci\u00f3n y datos de contacto del consultante.<\/span><\/li><\/ol><p><b>Quejas y\/o reclamos<\/b><\/p><p><span style=\"font-weight: 400;\">Cuando el titular considere que su informaci\u00f3n debe ser objeto de correcci\u00f3n, actualizaci\u00f3n o supresi\u00f3n o cuando advierta un presunto incumplimiento de cualquiera de sus derechos, el t\u00e9rmino m\u00e1ximo para atender la queja o reclamo ser\u00e1 de quince (15) d\u00edas h\u00e1biles contados a partir del d\u00eda siguiente a la fecha de recepci\u00f3n del documento.\u00a0<\/span><\/p><p><span style=\"font-weight: 400;\">Cuando no fuere posible atender el reclamo dentro de dicho t\u00e9rmino, se informar\u00e1 al interesado los motivos de la demora y la fecha en que ser\u00e1 atendido, la cual en ning\u00fan caso podr\u00e1 superar los ocho (8) d\u00edas h\u00e1biles siguientes al vencimiento del primer t\u00e9rmino. Si el reclamo resulta incompleto, se requerir\u00e1 al interesado dentro de los cinco (5) d\u00edas siguientes a la recepci\u00f3n de la queja y\/o reclamo para que subsane las fallas. Transcurridos dos (2) meses desde la fecha del requerimiento sin que el solicitante presente la informaci\u00f3n requerida, se entender\u00e1 desistida la queja o reclamo. El documento de queja o reclamo deber\u00e1 contener:<\/span><\/p><ol><li style=\"font-weight: 400;\" aria-level=\"1\"><span style=\"font-weight: 400;\">\u00c1rea de Brokkar a la cual va dirigida (Servicio al cliente).<\/span><\/li><li style=\"font-weight: 400;\" aria-level=\"1\"><span style=\"font-weight: 400;\">El nombre y n\u00famero de identificaci\u00f3n del titular.<\/span><\/li><li style=\"font-weight: 400;\" aria-level=\"1\"><span style=\"font-weight: 400;\">Copia documento de identidad del titular.<\/span><\/li><li style=\"font-weight: 400;\" aria-level=\"1\"><span style=\"font-weight: 400;\">Descripci\u00f3n de los hechos que dan lugar al reclamo y\/o queja.<\/span><\/li><li style=\"font-weight: 400;\" aria-level=\"1\"><span style=\"font-weight: 400;\">El objeto perseguido.<\/span><\/li><li style=\"font-weight: 400;\" aria-level=\"1\"><span style=\"font-weight: 400;\">Direcci\u00f3n y datos de contacto del reclamante.<\/span><\/li><\/ol><p><span style=\"font-weight: 400;\">Si se trata de un representante legal y\/o apoderado:<\/span><\/p><ol><li style=\"font-weight: 400;\" aria-level=\"1\"><span style=\"font-weight: 400;\">\u00c1rea de Brokkar a la cual va dirigida (Servicio al Cliente).<\/span><\/li><li style=\"font-weight: 400;\" aria-level=\"1\"><span style=\"font-weight: 400;\">El nombre y n\u00famero de identificaci\u00f3n del Titular.<\/span><\/li><li style=\"font-weight: 400;\" aria-level=\"1\"><span style=\"font-weight: 400;\">Copia documento de identidad del titular.<\/span><\/li><li style=\"font-weight: 400;\" aria-level=\"1\"><span style=\"font-weight: 400;\">Copia Documento de identidad del representante legal.<\/span><\/li><li style=\"font-weight: 400;\" aria-level=\"1\"><span style=\"font-weight: 400;\">Documento que acredite la calidad en la que obra (poder, certificaci\u00f3n).<\/span><\/li><li style=\"font-weight: 400;\" aria-level=\"1\"><span style=\"font-weight: 400;\">En caso de que el apoderado sea menor de edad, deber\u00e1 presentar la tarjeta de identidad y\/o el registro civil y el documento que acredite la calidad de representante o custodio del menor.<\/span><\/li><li style=\"font-weight: 400;\" aria-level=\"1\"><span style=\"font-weight: 400;\">Descripci\u00f3n de los hechos que dan lugar al reclamo y\/o queja.<\/span><\/li><li style=\"font-weight: 400;\" aria-level=\"1\"><span style=\"font-weight: 400;\">El objeto perseguido.<\/span><\/li><li style=\"font-weight: 400;\" aria-level=\"1\"><span style=\"font-weight: 400;\">Direcci\u00f3n y datos de contacto del reclamante.<\/span><\/li><\/ol><\/li><\/ol>\t\t\t\t\t\t<\/div>\n\t\t\t\t<\/div>\n\t\t\t\t<div class=\"elementor-element elementor-element-eb3befd elementor-widget elementor-widget-text-editor\" data-id=\"eb3befd\" data-element_type=\"widget\" data-settings=\"{&quot;_ob_postman_use&quot;:&quot;no&quot;,&quot;_ob_widget_stalker_use&quot;:&quot;no&quot;}\" data-widget_type=\"text-editor.default\">\n\t\t\t\t<div class=\"elementor-widget-container\">\n\t\t\t\t\t\t\t<h2><b>X. TRATAMIENTO DE DATOS PERSONALES SENSIBLES<\/b><\/h2><p><span style=\"font-weight: 400;\">Brokkar no recolectar\u00e1, almacenar\u00e1 o tratar\u00e1 datos sensibles, a menos que sea estrictamente necesario. De presentarse dicha situaci\u00f3n, no realizar\u00e1 ning\u00fan tratamiento sin la debida autorizaci\u00f3n previa, informada y expresa del titular de la informaci\u00f3n, salvo en los casos que por ley no sea requerido el otorgamiento de esta y se presente alguna de las siguientes excepciones:<\/span><\/p><ul><li style=\"font-weight: 400;\" aria-level=\"1\"><span style=\"font-weight: 400;\">Cuando el tratamiento sea necesario para salvaguardar el inter\u00e9s vital del titular y este se encuentre f\u00edsica o jur\u00eddicamente incapacitado.<\/span><\/li><li style=\"font-weight: 400;\" aria-level=\"1\"><span style=\"font-weight: 400;\">Cuando el tratamiento sea efectuado en el curso de las actividades leg\u00edtimas y con las debidas garant\u00edas por parte de una fundaci\u00f3n, ONG, asociaci\u00f3n o cualquier otro organismo sin \u00e1nimo de lucro, cuya finalidad sea pol\u00edtica, filos\u00f3fica, religiosa o sindical, siempre que se refieran exclusivamente a sus miembros o a las personas que mantengan contactos regulares por raz\u00f3n de su finalidad, en cuyos casos, los datos no se podr\u00e1n suministrar a terceros sin la autorizaci\u00f3n del titular.<\/span><\/li><li style=\"font-weight: 400;\" aria-level=\"1\"><span style=\"font-weight: 400;\">Cuando el tratamiento se refiera a datos que sean necesarios para el reconocimiento, ejercicio o defensa de un derecho en un proceso judicial.<\/span><\/li><li style=\"font-weight: 400;\" aria-level=\"1\"><span style=\"font-weight: 400;\">Cuando se realice en cumplimiento de una orden p\u00fablica o administrativa en ejercicio de sus funciones legales o por orden judicial.<\/span><\/li><\/ul><p><span style=\"font-weight: 400;\">Las respuestas a las preguntas sobre datos sensibles son facultativas, por lo tanto, no ser\u00e1n obligatorias.En todo caso, Brokkar observar\u00e1 estrictamente las limitaciones legales al Tratamiento de Datos Sensibles. Brokkar no condicionar\u00e1, en ning\u00fan caso, ninguna actividad a la entrega de Datos Sensibles. Los Datos Sensibles ser\u00e1n tratados con la mayor diligencia posible y con los est\u00e1ndares de seguridad m\u00e1s altos. El acceso limitado a los Datos Sensibles ser\u00e1 un principio rector para salvaguardar la privacidad de estos. Por lo tanto, solo el personal autorizado podr\u00e1 tener acceso a ese tipo de informaci\u00f3n<\/span><\/p><p><span style=\"font-weight: 400;\">No podr\u00e1 realizarse el tratamiento de datos sensibles para fines distintos de los autorizados expresamente por el Titular.<\/span><\/p>\t\t\t\t\t\t<\/div>\n\t\t\t\t<\/div>\n\t\t\t\t<div class=\"elementor-element elementor-element-bc9f3a2 elementor-widget elementor-widget-text-editor\" data-id=\"bc9f3a2\" data-element_type=\"widget\" data-settings=\"{&quot;_ob_postman_use&quot;:&quot;no&quot;,&quot;_ob_widget_stalker_use&quot;:&quot;no&quot;}\" data-widget_type=\"text-editor.default\">\n\t\t\t\t<div class=\"elementor-widget-container\">\n\t\t\t\t\t\t\t<h2><b>XI. VIGENCIA<\/b><\/h2><p><span style=\"font-weight: 400;\">La presente Pol\u00edtica de Protecci\u00f3n y Tratamiento se encuentra vigente desde 01\/04\/2022<\/span><\/p><p><span style=\"font-weight: 400;\">Los Datos Personales que sean almacenados, utilizados o transmitidos permanecer\u00e1n en las bases de datos de Brokkar durante el tiempo que sea necesario. Con el objetivo de cumplir con las finalidades expuestas en este manual o para que Brokkar pueda cumplir con sus deberes legales.<\/span><\/p><p><span style=\"font-weight: 400;\">Sin embargo, la informaci\u00f3n ser\u00e1 revisada cada a\u00f1o para verificar la veracidad del dato y finalidad de seguir con su tratamiento. De ser necesario, Brokkar se reserva el derecho a modificar la presente Pol\u00edtica de Protecci\u00f3n y Tratamiento de forma unilateral; sin perjuicio de esto, en caso de generarse alg\u00fan cambio sustancial sobre la Pol\u00edtica de Protecci\u00f3n y Tratamiento, se comunicar\u00e1 a los titulares. <\/span><\/p>\t\t\t\t\t\t<\/div>\n\t\t\t\t<\/div>\n\t\t\t\t<div class=\"elementor-element elementor-element-c78e41d elementor-widget elementor-widget-text-editor\" data-id=\"c78e41d\" data-element_type=\"widget\" data-settings=\"{&quot;_ob_postman_use&quot;:&quot;no&quot;,&quot;_ob_widget_stalker_use&quot;:&quot;no&quot;}\" data-widget_type=\"text-editor.default\">\n\t\t\t\t<div class=\"elementor-widget-container\">\n\t\t\t\t\t\t\t<h2><b>XII. NOTIFICACI\u00d3N DE VULNERACI\u00d3N DE SEGURIDAD<\/b><\/h2><p><span style=\"font-weight: 400;\">Brokkar notificar\u00e1 la vulneraci\u00f3n de la seguridad de datos personales a la autoridad de protecci\u00f3n de datos personales y la agencia de regulaci\u00f3n y control de las telecomunicaciones, tan pronto sea posible, y a m\u00e1s tardar en el t\u00e9rmino de cinco (5) d\u00edas despu\u00e9s de que haya tenido constancia de ella, a menos que sea improbable que dicha violaci\u00f3n de la seguridad constituya un riesgo para los derechos y las libertades de las personas f\u00edsicas. Si la notificaci\u00f3n a la autoridad de protecci\u00f3n de datos no tiene lugar en el t\u00e9rmino de cinco (5) d\u00edas, deber\u00e1 ir acompa\u00f1ada con indicaci\u00f3n de los motivos de la dilaci\u00f3n.\u00a0<\/span><\/p><p><span style=\"font-weight: 400;\">Brokkar deber\u00e1 notificar sin dilaci\u00f3n, la vulneraci\u00f3n de seguridad de datos personales al titular, cuando conlleve un riesgo a sus derechos fundamentales y libertades individuales, dentro del t\u00e9rmino de tres d\u00edas contados a partir de la fecha en la que tuvo conocimiento del riesgo.<\/span><\/p><p><span style=\"font-weight: 400;\">\u00a0No se deber\u00e1 notificar la vulneraci\u00f3n de seguridad de datos personales al titular en los siguientes casos:<\/span><\/p><ol><li><span style=\"font-weight: 400;\"> Cuando el responsable del tratamiento haya adoptado medidas de protecci\u00f3n t\u00e9cnicas organizativas o de cualquier otra \u00edndole apropiadas aplicadas a los datos personales afectados por la vulneraci\u00f3n de seguridad que se pueda demostrar que son efectivas;\u00a0<\/span><\/li><li><span style=\"font-weight: 400;\"> Cuando el responsable del tratamiento haya tomado medidas que garanticen que el riesgo para los derechos fundamentales y las libertades individuales del titular no ocurrir\u00e1; y,<\/span><\/li><li><span style=\"font-weight: 400;\"> Cuando se requiera un esfuerzo desproporcionado para hacerlo; en cuyo caso, el responsable del tratamiento deber\u00e1 realizar una comunicaci\u00f3n p\u00fablica a trav\u00e9s de cualquier medio en la que se informe de la vulneraci\u00f3n de seguridad de datos personales a los titulares. <\/span><\/li><\/ol>\t\t\t\t\t\t<\/div>\n\t\t\t\t<\/div>\n\t\t\t\t<div class=\"elementor-element elementor-element-c45178a elementor-widget elementor-widget-text-editor\" data-id=\"c45178a\" data-element_type=\"widget\" data-settings=\"{&quot;_ob_postman_use&quot;:&quot;no&quot;,&quot;_ob_widget_stalker_use&quot;:&quot;no&quot;}\" data-widget_type=\"text-editor.default\">\n\t\t\t\t<div class=\"elementor-widget-container\">\n\t\t\t\t\t\t\t<h2><b>XIII. TRANSMISI\u00d3N Y\/O TRANSFERENCIA NACIONAL O INTERNACIONAL<br \/><\/b><\/h2><p><span style=\"font-weight: 400;\">Brokkar podr\u00e1 compartir la informaci\u00f3n de los datos personales con aquellos terceros que sea necesario para el desarrollo de sus actividades y objeto social, siempre protegiendo los derechos e informaci\u00f3n del titular del dato.<\/span><\/p><p><span style=\"font-weight: 400;\">La Transmisi\u00f3n o Transferencia de Datos Personales que se realice observar\u00e1 las reglas que para tal efecto disponga la normatividad aplicable y la autoridad de control, especialmente las siguientes:<\/span><\/p><ul><li style=\"font-weight: 400;\" aria-level=\"1\"><span style=\"font-weight: 400;\">Cuando se trate de transmisiones o transferencias nacionales de datos personales, Brokkar se asegurar\u00e1 del cumplimiento de las exigencias de la legislaci\u00f3n de protecci\u00f3n de datos vigente y las medidas de protecci\u00f3n por parte del encargado o nuevo responsable, seg\u00fan sea el caso.<\/span><\/li><li style=\"font-weight: 400;\" aria-level=\"1\"><span style=\"font-weight: 400;\">Que el titular haya dado autorizaci\u00f3n expresa e inequ\u00edvoca para la transferencia o transmisi\u00f3n de datos.<\/span><\/li><\/ul>\t\t\t\t\t\t<\/div>\n\t\t\t\t<\/div>\n\t\t\t\t\t<\/div>\n\t\t<\/div>\n\t\t\t\t\t<\/div>\n\t\t<\/section>\n\t\t\t\t<\/div>","protected":false},"excerpt":{"rendered":"<p>Pol\u00edtica de Protecci\u00f3n y Tratamiento de Datos Personales Tabla de contenidos I. INTRODUCCI\u00d3N BROKKAR INVESTMENTS LATAM S.A.S. (en adelante, \u201cBrokkar\u201d), es una compa\u00f1\u00eda ecuatoriana que tiene como actividad principal la de prestar: \u201cOtros tipos de consultor\u00eda t\u00e9cnica\u201d y como actividad complementaria: \u201cIntermediarios del Comercio de productos y servicios\u201d. Adem\u00e1s, de conectar usuarios con instituciones financieras, [&hellip;]<\/p>","protected":false},"author":1,"featured_media":0,"parent":0,"menu_order":20,"comment_status":"closed","ping_status":"closed","template":"","meta":{"footnotes":""},"class_list":["post-1470","page","type-page","status-publish","hentry"],"_links":{"self":[{"href":"https:\/\/aprueva.com\/en\/wp-json\/wp\/v2\/pages\/1470","targetHints":{"allow":["GET"]}}],"collection":[{"href":"https:\/\/aprueva.com\/en\/wp-json\/wp\/v2\/pages"}],"about":[{"href":"https:\/\/aprueva.com\/en\/wp-json\/wp\/v2\/types\/page"}],"author":[{"embeddable":true,"href":"https:\/\/aprueva.com\/en\/wp-json\/wp\/v2\/users\/1"}],"replies":[{"embeddable":true,"href":"https:\/\/aprueva.com\/en\/wp-json\/wp\/v2\/comments?post=1470"}],"version-history":[{"count":29,"href":"https:\/\/aprueva.com\/en\/wp-json\/wp\/v2\/pages\/1470\/revisions"}],"predecessor-version":[{"id":2007,"href":"https:\/\/aprueva.com\/en\/wp-json\/wp\/v2\/pages\/1470\/revisions\/2007"}],"wp:attachment":[{"href":"https:\/\/aprueva.com\/en\/wp-json\/wp\/v2\/media?parent=1470"}],"curies":[{"name":"wp","href":"https:\/\/api.w.org\/{rel}","templated":true}]}}